{"id":27566,"date":"2025-05-13T12:26:07","date_gmt":"2025-05-13T10:26:07","guid":{"rendered":"https:\/\/acpri.cat\/?page_id=27566"},"modified":"2025-05-13T12:31:32","modified_gmt":"2025-05-13T10:31:32","slug":"premios-acpri-2024","status":"publish","type":"page","link":"https:\/\/acpri.cat\/es\/la-nit\/premios-acpri-2024\/","title":{"rendered":"Premios ACPRI 2024"},"content":{"rendered":"\n<p>El pasado 18 de octubre celebramos la NIT de ACPRI 2024 en el Modern, Centro Audiovisual y Digital de Girona. Fue una velada inolvidable, donde amigos y profesionales del sector nos reunimos para compartir momentos especiales, como ya es tradici\u00f3n.<\/p>\n\n\n\n<p>En esta ocasi\u00f3n, hicimos entrega de los Premios Nacionales de Protocolo y Relaciones Institucionales en la sala peque\u00f1a del Cine Truffaut, llegando ya a la decimosexta edici\u00f3n de estos galardones. El acto fue conducido por el Sr. Sergi Font, teniente de alcalde de Gesti\u00f3n de Recursos y Atenci\u00f3n a la Ciudadan\u00eda del Ayuntamiento de Girona.<\/p>\n\n\n\n<p>Las votaciones de los socios y socias fueron bastante ajustadas, y el resultado final fue el siguiente:<\/p>\n\n\n\n<ul class=\"wp-block-list\">\n<li><strong>Premio&nbsp;ACPRI&nbsp;a la Trayectoria Profesional 2024:<\/strong>&nbsp;Otorgado al Sr. Joaquim&nbsp;Roma\u00f1ach&nbsp;Planella, del Ayuntamiento de Barcelona, reconocido por su proximidad, eficacia y dedicaci\u00f3n incansable, siempre poniendo la profesi\u00f3n por ante el protagonismo personal.<\/li>\n<\/ul>\n\n\n\n<p><\/p>\n\n\n\n<ul class=\"wp-block-list\">\n<li><strong>Premio&nbsp;ACPRI&nbsp;a la Instituci\u00f3n P\u00fablica o Privada:<\/strong>&nbsp;Concedido a \u201cEls Amics de las Flors de Girona\u201d, en reconocimiento a su tarea de organizaci\u00f3n del festival Tiempo de Flores, un acontecimiento que se ha convertido en un referente internacional gracias a la implicaci\u00f3n de toda la ciudad.<\/li>\n<\/ul>\n\n\n\n<p>Despu\u00e9s de la entrega de los premios, disfrutamos de una cena de pie en un ambiente muy agradable, con buena m\u00fasica, comer excelente y momentos para recordar. Para cerrar la noche, se realiz\u00f3 el sorteo de obsequios, con el apoyo de los colaboradores de la Noche de la ACPRI 2024.<\/p>\n\n\n\n<p>Gracias a todos los que formasteis parte de esta NIT tan especial. Hasta la pr\u00f3xima, compa\u00f1eros!<\/p>\n\n\n\n<hr class=\"wp-block-separator has-css-opacity\"\/>\n\n\n\n<h3 class=\"wp-block-heading has-text-align-center\">Premiados<\/h3>\n\n\n\n<hr class=\"wp-block-separator has-css-opacity\"\/>\n\n\n\n<div class=\"wp-block-ugb-icon-list ugb-icon-list ugb-icon-list-wrapper ugb-b173e89 ugb-icon-list--v2 ugb-main-block\"><style>.ugb-b173e89 li::before{background-image:url('data:image\/svg+xml;base64,PHN2ZyB4bWxucz0iaHR0cDovL3d3dy53My5vcmcvMjAwMC9zdmciIHZpZXdCb3g9IjAgMCAxOTAgMTkwIiBzdHlsZT0iZmlsbDogI2NmMmUyZSAhaW1wb3J0YW50OyBjb2xvcjogI2NmMmUyZSAhaW1wb3J0YW50Ij48cGF0aCBkPSJNOTUuNCA2LjNsMjkuMiA1OCA2NC4yIDkuOS00Ni4yIDQ1LjcgMTAuNSA2NC4xLTU3LjctMjkuOEwzNy42IDE4NGwxMC41LTY0LjFMMiA3NC4ybDY0LjItOS45eiIgZmlsbD0iI2NmMmUyZSIgc3Ryb2tlPSIjY2YyZTJlIiBzdHlsZT0iZmlsbDogcmdiKDIwNywgNDYsIDQ2KTsgc3Ryb2tlOiByZ2IoMjA3LCA0NiwgNDYpOyIvPjwvc3ZnPg==')}.ugb-b173e89.ugb-icon-list ul{columns:2}<\/style><div class=\"ugb-inner-block\"><div class=\"ugb-block-content\"><ul><li><strong>Joaquim Roma\u00f1ach Planella<br><\/strong><em><em>Premio a la trayectoria, persona f\u00edsica<\/em><\/em><\/li><\/ul><\/div><\/div><\/div>\n\n\n\n<div class=\"wp-block-ugb-icon-list ugb-icon-list ugb-icon-list-wrapper ugb-69076d8 ugb-icon-list--v2 ugb-main-block\"><style>.ugb-69076d8 li::before{background-image:url('data:image\/svg+xml;base64,PHN2ZyB4bWxucz0iaHR0cDovL3d3dy53My5vcmcvMjAwMC9zdmciIHZpZXdCb3g9IjAgMCAxOTAgMTkwIiBzdHlsZT0iZmlsbDogI2NmMmUyZSAhaW1wb3J0YW50OyBjb2xvcjogI2NmMmUyZSAhaW1wb3J0YW50Ij48cGF0aCBkPSJNOTUuNCA2LjNsMjkuMiA1OCA2NC4yIDkuOS00Ni4yIDQ1LjcgMTAuNSA2NC4xLTU3LjctMjkuOEwzNy42IDE4NGwxMC41LTY0LjFMMiA3NC4ybDY0LjItOS45eiIgZmlsbD0iI2NmMmUyZSIgc3Ryb2tlPSIjY2YyZTJlIiBzdHlsZT0iZmlsbDogcmdiKDIwNywgNDYsIDQ2KTsgc3Ryb2tlOiByZ2IoMjA3LCA0NiwgNDYpOyIvPjwvc3ZnPg==')}.ugb-69076d8.ugb-icon-list ul{columns:2}<\/style><div class=\"ugb-inner-block\"><div class=\"ugb-block-content\"><ul><li><strong>Amics de les flors de Girona<br><\/strong><em><em>Premio a la categor\u00eda de Entidad P\u00fablica y\/o Privada<\/em><\/em><\/li><\/ul><\/div><\/div><\/div>\n\n\n<a class=\"boto-acpri\" href=\"https:\/\/www.flickr.com\/photos\/acpri\/albums\/72177720321377590\/\" S\u00ed target=\"_blank\" style=\" display: block; border: 1px solid #a51f21; padding: 2rem; font-size: 1.5rem; color: #a51f21; width: 100%; margin-bottom: 1rem; text-decoration: none; background-image: url(\/wp-content\/uploads\/2018\/07\/acpri-anagrama.png); background-position: right center; background-repeat: no-repeat;\">\n  Galeria fotogr\u00e1fica<\/a>\n\n\n<a class=\"boto-acpri\" href=\"https:\/\/acpri.cat\/wp-content\/uploads\/2025\/05\/20241018actapremisacpri2024.pdf\" S\u00ed target=\"_blank\" style=\" display: block; border: 1px solid #a51f21; padding: 2rem; font-size: 1.5rem; color: #a51f21; width: 100%; margin-bottom: 1rem; text-decoration: none; background-image: url(\/wp-content\/uploads\/2018\/07\/acpri-anagrama.png); background-position: right center; background-repeat: no-repeat;\">\n  Acta del jurado<\/a>\n\n\n\n<p><\/p>\n","protected":false},"excerpt":{"rendered":"<p>El pasado 18 de octubre celebramos la NIT de ACPRI 2024 en el Modern, Centro Audiovisual y Digital de Girona. Fue una velada inolvidable, donde amigos y profesionales del sector [&hellip;]<\/p>\n","protected":false},"author":699,"featured_media":0,"parent":21163,"menu_order":0,"comment_status":"closed","ping_status":"closed","template":"","meta":{"_acf_changed":false,"_bbp_topic_count":0,"_bbp_reply_count":0,"_bbp_total_topic_count":0,"_bbp_total_reply_count":0,"_bbp_voice_count":0,"_bbp_anonymous_reply_count":0,"_bbp_topic_count_hidden":0,"_bbp_reply_count_hidden":0,"_bbp_forum_subforum_count":0,"_coblocks_attr":"","_coblocks_dimensions":"","_coblocks_responsive_height":"","_coblocks_accordion_ie_support":"","_EventAllDay":false,"_EventTimezone":"","_EventStartDate":"","_EventEndDate":"","_EventStartDateUTC":"","_EventEndDateUTC":"","_EventShowMap":false,"_EventShowMapLink":false,"_EventURL":"","_EventCost":"","_EventCostDescription":"","_EventCurrencySymbol":"","_EventCurrencyCode":"","_EventCurrencyPosition":"","_EventDateTimeSeparator":"","_EventTimeRangeSeparator":"","_EventOrganizerID":[],"_EventVenueID":[],"_OrganizerEmail":"","_OrganizerPhone":"","_OrganizerWebsite":"","_VenueAddress":"","_VenueCity":"","_VenueCountry":"","_VenueProvince":"","_VenueState":"","_VenueZip":"","_VenuePhone":"","_VenueURL":"","_VenueStateProvince":"","_VenueLat":"","_VenueLng":"","_VenueShowMap":false,"_VenueShowMapLink":false,"footnotes":""},"class_list":["post-27566","page","type-page","status-publish","hentry"],"acf":[],"featured_image_urls_v2":{"full":"","thumbnail":"","medium":"","medium_large":"","large":"","1536x1536":"","2048x2048":""},"post_excerpt_stackable_v2":"<p>El pasado 18 de octubre celebramos la NIT de ACPRI 2024 en el Modern, Centro Audiovisual y Digital de Girona. Fue una velada inolvidable, donde amigos y profesionales del sector nos reunimos para compartir momentos especiales, como ya es tradici\u00f3n. En esta ocasi\u00f3n, hicimos entrega de los Premios Nacionales de Protocolo y Relaciones Institucionales en la sala peque\u00f1a del Cine Truffaut, llegando ya a la decimosexta edici\u00f3n de estos galardones. El acto fue conducido por el Sr. Sergi Font, teniente de alcalde de Gesti\u00f3n de Recursos y Atenci\u00f3n a la Ciudadan\u00eda del Ayuntamiento de Girona. Las votaciones de los socios&hellip;<\/p>\n","category_list_v2":"","author_info_v2":{"name":"Ruth Fern\u00e1ndez","url":"https:\/\/acpri.cat\/es\/author\/ruth-fernandez\/"},"comments_num_v2":"0 comentarios","yoast_head":"<!-- This site is optimized with the Yoast SEO plugin v27.4 - https:\/\/yoast.com\/product\/yoast-seo-wordpress\/ -->\n<title>Premios ACPRI 2024 &#171; ACPRI<\/title>\n<meta name=\"robots\" content=\"index, follow, max-snippet:-1, max-image-preview:large, max-video-preview:-1\" \/>\n<link rel=\"canonical\" href=\"https:\/\/acpri.cat\/es\/la-nit\/premios-acpri-2024\/\" \/>\n<meta property=\"og:locale\" content=\"es_ES\" \/>\n<meta property=\"og:type\" content=\"article\" \/>\n<meta property=\"og:title\" content=\"Premios ACPRI 2024 &#171; ACPRI\" \/>\n<meta property=\"og:description\" content=\"El pasado 18 de octubre celebramos la NIT de ACPRI 2024 en el Modern, Centro Audiovisual y Digital de Girona. Fue una velada inolvidable, donde amigos y profesionales del sector [&hellip;]\" \/>\n<meta property=\"og:url\" content=\"https:\/\/acpri.cat\/es\/la-nit\/premios-acpri-2024\/\" \/>\n<meta property=\"og:site_name\" content=\"ACPRI\" \/>\n<meta property=\"article:modified_time\" content=\"2025-05-13T10:31:32+00:00\" \/>\n<meta name=\"twitter:card\" content=\"summary_large_image\" \/>\n<meta name=\"twitter:label1\" content=\"Tiempo de lectura\" \/>\n\t<meta name=\"twitter:data1\" content=\"2 minutos\" \/>\n<script type=\"application\/ld+json\" class=\"yoast-schema-graph\">{\"@context\":\"https:\\\/\\\/schema.org\",\"@graph\":[{\"@type\":\"WebPage\",\"@id\":\"https:\\\/\\\/acpri.cat\\\/es\\\/la-nit\\\/premios-acpri-2024\\\/\",\"url\":\"https:\\\/\\\/acpri.cat\\\/es\\\/la-nit\\\/premios-acpri-2024\\\/\",\"name\":\"Premios ACPRI 2024 &#171; ACPRI\",\"isPartOf\":{\"@id\":\"https:\\\/\\\/acpri.cat\\\/es\\\/#website\"},\"datePublished\":\"2025-05-13T10:26:07+00:00\",\"dateModified\":\"2025-05-13T10:31:32+00:00\",\"breadcrumb\":{\"@id\":\"https:\\\/\\\/acpri.cat\\\/es\\\/la-nit\\\/premios-acpri-2024\\\/#breadcrumb\"},\"inLanguage\":\"es\",\"potentialAction\":[{\"@type\":\"ReadAction\",\"target\":[\"https:\\\/\\\/acpri.cat\\\/es\\\/la-nit\\\/premios-acpri-2024\\\/\"]}]},{\"@type\":\"BreadcrumbList\",\"@id\":\"https:\\\/\\\/acpri.cat\\\/es\\\/la-nit\\\/premios-acpri-2024\\\/#breadcrumb\",\"itemListElement\":[{\"@type\":\"ListItem\",\"position\":1,\"name\":\"Inici\",\"item\":\"https:\\\/\\\/acpri.cat\\\/es\\\/\"},{\"@type\":\"ListItem\",\"position\":2,\"name\":\"La Nit\",\"item\":\"https:\\\/\\\/acpri.cat\\\/es\\\/la-nit\\\/\"},{\"@type\":\"ListItem\",\"position\":3,\"name\":\"Premios ACPRI 2024\"}]},{\"@type\":\"WebSite\",\"@id\":\"https:\\\/\\\/acpri.cat\\\/es\\\/#website\",\"url\":\"https:\\\/\\\/acpri.cat\\\/es\\\/\",\"name\":\"ACPRI\",\"description\":\"Associaci\u00f3 Catalana de Protocol i Relacions Institucionals\",\"potentialAction\":[{\"@type\":\"SearchAction\",\"target\":{\"@type\":\"EntryPoint\",\"urlTemplate\":\"https:\\\/\\\/acpri.cat\\\/es\\\/?s={search_term_string}\"},\"query-input\":{\"@type\":\"PropertyValueSpecification\",\"valueRequired\":true,\"valueName\":\"search_term_string\"}}],\"inLanguage\":\"es\"}]}<\/script>\n<!-- \/ Yoast SEO plugin. -->","yoast_head_json":{"title":"Premios ACPRI 2024 &#171; ACPRI","robots":{"index":"index","follow":"follow","max-snippet":"max-snippet:-1","max-image-preview":"max-image-preview:large","max-video-preview":"max-video-preview:-1"},"canonical":"https:\/\/acpri.cat\/es\/la-nit\/premios-acpri-2024\/","og_locale":"es_ES","og_type":"article","og_title":"Premios ACPRI 2024 &#171; ACPRI","og_description":"El pasado 18 de octubre celebramos la NIT de ACPRI 2024 en el Modern, Centro Audiovisual y Digital de Girona. Fue una velada inolvidable, donde amigos y profesionales del sector [&hellip;]","og_url":"https:\/\/acpri.cat\/es\/la-nit\/premios-acpri-2024\/","og_site_name":"ACPRI","article_modified_time":"2025-05-13T10:31:32+00:00","twitter_card":"summary_large_image","twitter_misc":{"Tiempo de lectura":"2 minutos"},"schema":{"@context":"https:\/\/schema.org","@graph":[{"@type":"WebPage","@id":"https:\/\/acpri.cat\/es\/la-nit\/premios-acpri-2024\/","url":"https:\/\/acpri.cat\/es\/la-nit\/premios-acpri-2024\/","name":"Premios ACPRI 2024 &#171; ACPRI","isPartOf":{"@id":"https:\/\/acpri.cat\/es\/#website"},"datePublished":"2025-05-13T10:26:07+00:00","dateModified":"2025-05-13T10:31:32+00:00","breadcrumb":{"@id":"https:\/\/acpri.cat\/es\/la-nit\/premios-acpri-2024\/#breadcrumb"},"inLanguage":"es","potentialAction":[{"@type":"ReadAction","target":["https:\/\/acpri.cat\/es\/la-nit\/premios-acpri-2024\/"]}]},{"@type":"BreadcrumbList","@id":"https:\/\/acpri.cat\/es\/la-nit\/premios-acpri-2024\/#breadcrumb","itemListElement":[{"@type":"ListItem","position":1,"name":"Inici","item":"https:\/\/acpri.cat\/es\/"},{"@type":"ListItem","position":2,"name":"La Nit","item":"https:\/\/acpri.cat\/es\/la-nit\/"},{"@type":"ListItem","position":3,"name":"Premios ACPRI 2024"}]},{"@type":"WebSite","@id":"https:\/\/acpri.cat\/es\/#website","url":"https:\/\/acpri.cat\/es\/","name":"ACPRI","description":"Associaci\u00f3 Catalana de Protocol i Relacions Institucionals","potentialAction":[{"@type":"SearchAction","target":{"@type":"EntryPoint","urlTemplate":"https:\/\/acpri.cat\/es\/?s={search_term_string}"},"query-input":{"@type":"PropertyValueSpecification","valueRequired":true,"valueName":"search_term_string"}}],"inLanguage":"es"}]}},"_links":{"self":[{"href":"https:\/\/acpri.cat\/es\/wp-json\/wp\/v2\/pages\/27566","targetHints":{"allow":["GET"]}}],"collection":[{"href":"https:\/\/acpri.cat\/es\/wp-json\/wp\/v2\/pages"}],"about":[{"href":"https:\/\/acpri.cat\/es\/wp-json\/wp\/v2\/types\/page"}],"author":[{"embeddable":true,"href":"https:\/\/acpri.cat\/es\/wp-json\/wp\/v2\/users\/699"}],"replies":[{"embeddable":true,"href":"https:\/\/acpri.cat\/es\/wp-json\/wp\/v2\/comments?post=27566"}],"version-history":[{"count":3,"href":"https:\/\/acpri.cat\/es\/wp-json\/wp\/v2\/pages\/27566\/revisions"}],"predecessor-version":[{"id":27576,"href":"https:\/\/acpri.cat\/es\/wp-json\/wp\/v2\/pages\/27566\/revisions\/27576"}],"up":[{"embeddable":true,"href":"https:\/\/acpri.cat\/es\/wp-json\/wp\/v2\/pages\/21163"}],"wp:attachment":[{"href":"https:\/\/acpri.cat\/es\/wp-json\/wp\/v2\/media?parent=27566"}],"curies":[{"name":"wp","href":"https:\/\/api.w.org\/{rel}","templated":true}]}}