{"id":25592,"date":"2024-05-13T15:49:03","date_gmt":"2024-05-13T13:49:03","guid":{"rendered":"https:\/\/acpri.cat\/?page_id=25592"},"modified":"2025-05-13T12:11:20","modified_gmt":"2025-05-13T10:11:20","slug":"https-acpri-cat-es-la-nit-premios-acpri-2012__trashed","status":"publish","type":"page","link":"https:\/\/acpri.cat\/es\/la-nit\/https-acpri-cat-es-la-nit-premios-acpri-2012__trashed\/","title":{"rendered":"Premios ACPRI 2012"},"content":{"rendered":"\n<p>El viernes 19 de octubre \u00a0en Vila-seca se libraron los cuartos Premios Nacionales de Protocolo y Relaciones Institucionales en el marco de la cena de la V Noche de ACPRI.<\/p>\n\n\n\n<p>El acto estuvo presidido por el alcalde de Vila-seca y presidente de la Diputaci\u00f3n de Tarragona.<\/p>\n\n\n\n<p><strong>El premio\u00a0ACPRI\u00a0a la Trayectoria Profesional se libr\u00f3 a\u00a0Pere\u00a0Capella,<\/strong> director del \u00c1rea de Relaciones Institucionales de CaixaBank, \u00a0por su larga trayectoria profesional. Desde el a\u00f1o 1977 ha formado parte en las \u00c1reas de Comunicaci\u00f3n, Comunicaci\u00f3n Externa, Relaciones Externas, Relaciones Institucionales y Protocolo de \u201cla Caixa\u201d.<\/p>\n\n\n\n<p>El premio\u00a0ACPRI\u00a0a la Instituci\u00f3n P\u00fablica y\/o Privada se libr\u00f3 a La Fundaci\u00f3 Marat\u00f3, \u00a0concedido\u00a0 por la organizaci\u00f3n de los actos que movilizan cada a\u00f1o a miles de ciudadanos con el objetivo de obtener recursos econ\u00f3micos para la investigaci\u00f3n cient\u00edfica de enfermedades sin curaci\u00f3n conocida y sensibilizar la sociedad sobre estas patolog\u00edas.<\/p>\n\n\n\n<p>Los premios los libr\u00f3 la presidenta de la\u00a0ACPRI\u00a0ante el calor\u00a0humano que brindaron las m\u00e1s de 130 personas que asistieron.<\/p>\n\n\n\n<hr class=\"wp-block-separator has-css-opacity\"\/>\n\n\n\n<h3 class=\"wp-block-heading has-text-align-center\">Premiados<\/h3>\n\n\n\n<hr class=\"wp-block-separator has-css-opacity\"\/>\n\n\n\n<div class=\"wp-block-ugb-icon-list ugb-icon-list ugb-icon-list-wrapper ugb-038844b ugb-icon-list--v2 ugb-main-block\"><style>.ugb-038844b li::before{background-image:url('data:image\/svg+xml;base64,PHN2ZyB4bWxucz0iaHR0cDovL3d3dy53My5vcmcvMjAwMC9zdmciIHZpZXdCb3g9IjAgMCAxOTAgMTkwIiBzdHlsZT0iZmlsbDogI2NmMmUyZSAhaW1wb3J0YW50OyBjb2xvcjogI2NmMmUyZSAhaW1wb3J0YW50Ij48cGF0aCBkPSJNOTUuNCA2LjNsMjkuMiA1OCA2NC4yIDkuOS00Ni4yIDQ1LjcgMTAuNSA2NC4xLTU3LjctMjkuOEwzNy42IDE4NGwxMC41LTY0LjFMMiA3NC4ybDY0LjItOS45eiIgZmlsbD0iI2NmMmUyZSIgc3Ryb2tlPSIjY2YyZTJlIiBzdHlsZT0iZmlsbDogcmdiKDIwNywgNDYsIDQ2KTsgc3Ryb2tlOiByZ2IoMjA3LCA0NiwgNDYpOyIvPjwvc3ZnPg==')}.ugb-038844b.ugb-icon-list ul{columns:2}<\/style><div class=\"ugb-inner-block\"><div class=\"ugb-block-content\"><ul><li><strong>Pere Capella<\/strong><br><em><em><em><em>Premio a la trayectoria, persona f\u00edsica<\/em><\/em><\/em><\/em><\/li><\/ul><\/div><\/div><\/div>\n\n\n\n<div class=\"wp-block-ugb-icon-list ugb-icon-list ugb-icon-list-wrapper ugb-b173e89 ugb-icon-list--v2 ugb-main-block\"><style>.ugb-b173e89 li::before{background-image:url('data:image\/svg+xml;base64,PHN2ZyB4bWxucz0iaHR0cDovL3d3dy53My5vcmcvMjAwMC9zdmciIHZpZXdCb3g9IjAgMCAxOTAgMTkwIiBzdHlsZT0iZmlsbDogI2NmMmUyZSAhaW1wb3J0YW50OyBjb2xvcjogI2NmMmUyZSAhaW1wb3J0YW50Ij48cGF0aCBkPSJNOTUuNCA2LjNsMjkuMiA1OCA2NC4yIDkuOS00Ni4yIDQ1LjcgMTAuNSA2NC4xLTU3LjctMjkuOEwzNy42IDE4NGwxMC41LTY0LjFMMiA3NC4ybDY0LjItOS45eiIgZmlsbD0iI2NmMmUyZSIgc3Ryb2tlPSIjY2YyZTJlIiBzdHlsZT0iZmlsbDogcmdiKDIwNywgNDYsIDQ2KTsgc3Ryb2tlOiByZ2IoMjA3LCA0NiwgNDYpOyIvPjwvc3ZnPg==')}.ugb-b173e89.ugb-icon-list ul{columns:2}<\/style><div class=\"ugb-inner-block\"><div class=\"ugb-block-content\"><ul><li><strong>La Marat\u00f3 de TV3<\/strong><br><em><em><em><em>Premio a la categor\u00eda de Entidad P\u00fablica y\/o Privada<\/em><\/em><\/em><\/em><\/li><\/ul><\/div><\/div><\/div>\n\n\n<a class=\"boto-acpri\" href=\"https:\/\/flic.kr\/s\/aHBqjBq8gq\" S\u00ed target=\"_blank\" style=\" display: block; border: 1px solid #a51f21; padding: 2rem; font-size: 1.5rem; color: #a51f21; width: 100%; margin-bottom: 1rem; text-decoration: none; background-image: url(\/wp-content\/uploads\/2018\/07\/acpri-anagrama.png); background-position: right center; background-repeat: no-repeat;\">\n  Galer\u00eda de fotograf\u00edas<\/a>\n\n\n<a class=\"boto-acpri\" href=\"https:\/\/acpri.cat\/wp-content\/uploads\/2024\/05\/acta-premis-acpri-2012.pdf\" S\u00ed target=\"_blank\" style=\" display: block; border: 1px solid #a51f21; padding: 2rem; font-size: 1.5rem; color: #a51f21; width: 100%; margin-bottom: 1rem; text-decoration: none; background-image: url(\/wp-content\/uploads\/2018\/07\/acpri-anagrama.png); background-position: right center; background-repeat: no-repeat;\">\n  Acta del Jurado<\/a>\n","protected":false},"excerpt":{"rendered":"<p>El viernes 19 de octubre \u00a0en Vila-seca se libraron los cuartos Premios Nacionales de Protocolo y Relaciones Institucionales en el marco de la cena de la V Noche de ACPRI. [&hellip;]<\/p>\n","protected":false},"author":544,"featured_media":0,"parent":21163,"menu_order":0,"comment_status":"closed","ping_status":"closed","template":"","meta":{"_acf_changed":false,"_bbp_topic_count":0,"_bbp_reply_count":0,"_bbp_total_topic_count":0,"_bbp_total_reply_count":0,"_bbp_voice_count":0,"_bbp_anonymous_reply_count":0,"_bbp_topic_count_hidden":0,"_bbp_reply_count_hidden":0,"_bbp_forum_subforum_count":0,"_coblocks_attr":"","_coblocks_dimensions":"","_coblocks_responsive_height":"","_coblocks_accordion_ie_support":"","_EventAllDay":false,"_EventTimezone":"","_EventStartDate":"","_EventEndDate":"","_EventStartDateUTC":"","_EventEndDateUTC":"","_EventShowMap":false,"_EventShowMapLink":false,"_EventURL":"","_EventCost":"","_EventCostDescription":"","_EventCurrencySymbol":"","_EventCurrencyCode":"","_EventCurrencyPosition":"","_EventDateTimeSeparator":"","_EventTimeRangeSeparator":"","_EventOrganizerID":[],"_EventVenueID":[],"_OrganizerEmail":"","_OrganizerPhone":"","_OrganizerWebsite":"","_VenueAddress":"","_VenueCity":"","_VenueCountry":"","_VenueProvince":"","_VenueState":"","_VenueZip":"","_VenuePhone":"","_VenueURL":"","_VenueStateProvince":"","_VenueLat":"","_VenueLng":"","_VenueShowMap":false,"_VenueShowMapLink":false,"footnotes":""},"class_list":["post-25592","page","type-page","status-publish","hentry"],"acf":[],"featured_image_urls_v2":{"full":"","thumbnail":"","medium":"","medium_large":"","large":"","1536x1536":"","2048x2048":""},"post_excerpt_stackable_v2":"<p>El viernes 19 de octubre \u00a0en Vila-seca se libraron los cuartos Premios Nacionales de Protocolo y Relaciones Institucionales en el marco de la cena de la V Noche de ACPRI. El acto estuvo presidido por el alcalde de Vila-seca y presidente de la Diputaci\u00f3n de Tarragona. El premio\u00a0ACPRI\u00a0a la Trayectoria Profesional se libr\u00f3 a\u00a0Pere\u00a0Capella, director del \u00c1rea de Relaciones Institucionales de CaixaBank, \u00a0por su larga trayectoria profesional. Desde el a\u00f1o 1977 ha formado parte en las \u00c1reas de Comunicaci\u00f3n, Comunicaci\u00f3n Externa, Relaciones Externas, Relaciones Institucionales y Protocolo de \u201cla Caixa\u201d. El premio\u00a0ACPRI\u00a0a la Instituci\u00f3n P\u00fablica y\/o Privada se libr\u00f3 a&hellip;<\/p>\n","category_list_v2":"","author_info_v2":{"name":"","url":"https:\/\/acpri.cat\/es\/author\/"},"comments_num_v2":"0 comentarios","yoast_head":"<!-- This site is optimized with the Yoast SEO plugin v27.4 - https:\/\/yoast.com\/product\/yoast-seo-wordpress\/ -->\n<title>Premios ACPRI 2012 &#171; ACPRI<\/title>\n<meta name=\"robots\" content=\"index, follow, max-snippet:-1, max-image-preview:large, max-video-preview:-1\" \/>\n<link rel=\"canonical\" href=\"https:\/\/acpri.cat\/es\/la-nit\/https-acpri-cat-es-la-nit-premios-acpri-2012__trashed\/\" \/>\n<meta property=\"og:locale\" content=\"es_ES\" \/>\n<meta property=\"og:type\" content=\"article\" \/>\n<meta property=\"og:title\" content=\"Premios ACPRI 2012 &#171; ACPRI\" \/>\n<meta property=\"og:description\" content=\"El viernes 19 de octubre \u00a0en Vila-seca se libraron los cuartos Premios Nacionales de Protocolo y Relaciones Institucionales en el marco de la cena de la V Noche de ACPRI. [&hellip;]\" \/>\n<meta property=\"og:url\" content=\"https:\/\/acpri.cat\/es\/la-nit\/https-acpri-cat-es-la-nit-premios-acpri-2012__trashed\/\" \/>\n<meta property=\"og:site_name\" content=\"ACPRI\" \/>\n<meta property=\"article:modified_time\" content=\"2025-05-13T10:11:20+00:00\" \/>\n<meta name=\"twitter:card\" content=\"summary_large_image\" \/>\n<meta name=\"twitter:label1\" content=\"Tiempo de lectura\" \/>\n\t<meta name=\"twitter:data1\" content=\"2 minutos\" \/>\n<script type=\"application\/ld+json\" class=\"yoast-schema-graph\">{\"@context\":\"https:\\\/\\\/schema.org\",\"@graph\":[{\"@type\":\"WebPage\",\"@id\":\"https:\\\/\\\/acpri.cat\\\/es\\\/la-nit\\\/https-acpri-cat-es-la-nit-premios-acpri-2012__trashed\\\/\",\"url\":\"https:\\\/\\\/acpri.cat\\\/es\\\/la-nit\\\/https-acpri-cat-es-la-nit-premios-acpri-2012__trashed\\\/\",\"name\":\"Premios ACPRI 2012 &#171; ACPRI\",\"isPartOf\":{\"@id\":\"https:\\\/\\\/acpri.cat\\\/es\\\/#website\"},\"datePublished\":\"2024-05-13T13:49:03+00:00\",\"dateModified\":\"2025-05-13T10:11:20+00:00\",\"breadcrumb\":{\"@id\":\"https:\\\/\\\/acpri.cat\\\/es\\\/la-nit\\\/https-acpri-cat-es-la-nit-premios-acpri-2012__trashed\\\/#breadcrumb\"},\"inLanguage\":\"es\",\"potentialAction\":[{\"@type\":\"ReadAction\",\"target\":[\"https:\\\/\\\/acpri.cat\\\/es\\\/la-nit\\\/https-acpri-cat-es-la-nit-premios-acpri-2012__trashed\\\/\"]}]},{\"@type\":\"BreadcrumbList\",\"@id\":\"https:\\\/\\\/acpri.cat\\\/es\\\/la-nit\\\/https-acpri-cat-es-la-nit-premios-acpri-2012__trashed\\\/#breadcrumb\",\"itemListElement\":[{\"@type\":\"ListItem\",\"position\":1,\"name\":\"Inici\",\"item\":\"https:\\\/\\\/acpri.cat\\\/es\\\/\"},{\"@type\":\"ListItem\",\"position\":2,\"name\":\"La Nit\",\"item\":\"https:\\\/\\\/acpri.cat\\\/es\\\/la-nit\\\/\"},{\"@type\":\"ListItem\",\"position\":3,\"name\":\"Premios ACPRI 2012\"}]},{\"@type\":\"WebSite\",\"@id\":\"https:\\\/\\\/acpri.cat\\\/es\\\/#website\",\"url\":\"https:\\\/\\\/acpri.cat\\\/es\\\/\",\"name\":\"ACPRI\",\"description\":\"Associaci\u00f3 Catalana de Protocol i Relacions Institucionals\",\"potentialAction\":[{\"@type\":\"SearchAction\",\"target\":{\"@type\":\"EntryPoint\",\"urlTemplate\":\"https:\\\/\\\/acpri.cat\\\/es\\\/?s={search_term_string}\"},\"query-input\":{\"@type\":\"PropertyValueSpecification\",\"valueRequired\":true,\"valueName\":\"search_term_string\"}}],\"inLanguage\":\"es\"}]}<\/script>\n<!-- \/ Yoast SEO plugin. -->","yoast_head_json":{"title":"Premios ACPRI 2012 &#171; ACPRI","robots":{"index":"index","follow":"follow","max-snippet":"max-snippet:-1","max-image-preview":"max-image-preview:large","max-video-preview":"max-video-preview:-1"},"canonical":"https:\/\/acpri.cat\/es\/la-nit\/https-acpri-cat-es-la-nit-premios-acpri-2012__trashed\/","og_locale":"es_ES","og_type":"article","og_title":"Premios ACPRI 2012 &#171; ACPRI","og_description":"El viernes 19 de octubre \u00a0en Vila-seca se libraron los cuartos Premios Nacionales de Protocolo y Relaciones Institucionales en el marco de la cena de la V Noche de ACPRI. [&hellip;]","og_url":"https:\/\/acpri.cat\/es\/la-nit\/https-acpri-cat-es-la-nit-premios-acpri-2012__trashed\/","og_site_name":"ACPRI","article_modified_time":"2025-05-13T10:11:20+00:00","twitter_card":"summary_large_image","twitter_misc":{"Tiempo de lectura":"2 minutos"},"schema":{"@context":"https:\/\/schema.org","@graph":[{"@type":"WebPage","@id":"https:\/\/acpri.cat\/es\/la-nit\/https-acpri-cat-es-la-nit-premios-acpri-2012__trashed\/","url":"https:\/\/acpri.cat\/es\/la-nit\/https-acpri-cat-es-la-nit-premios-acpri-2012__trashed\/","name":"Premios ACPRI 2012 &#171; ACPRI","isPartOf":{"@id":"https:\/\/acpri.cat\/es\/#website"},"datePublished":"2024-05-13T13:49:03+00:00","dateModified":"2025-05-13T10:11:20+00:00","breadcrumb":{"@id":"https:\/\/acpri.cat\/es\/la-nit\/https-acpri-cat-es-la-nit-premios-acpri-2012__trashed\/#breadcrumb"},"inLanguage":"es","potentialAction":[{"@type":"ReadAction","target":["https:\/\/acpri.cat\/es\/la-nit\/https-acpri-cat-es-la-nit-premios-acpri-2012__trashed\/"]}]},{"@type":"BreadcrumbList","@id":"https:\/\/acpri.cat\/es\/la-nit\/https-acpri-cat-es-la-nit-premios-acpri-2012__trashed\/#breadcrumb","itemListElement":[{"@type":"ListItem","position":1,"name":"Inici","item":"https:\/\/acpri.cat\/es\/"},{"@type":"ListItem","position":2,"name":"La Nit","item":"https:\/\/acpri.cat\/es\/la-nit\/"},{"@type":"ListItem","position":3,"name":"Premios ACPRI 2012"}]},{"@type":"WebSite","@id":"https:\/\/acpri.cat\/es\/#website","url":"https:\/\/acpri.cat\/es\/","name":"ACPRI","description":"Associaci\u00f3 Catalana de Protocol i Relacions Institucionals","potentialAction":[{"@type":"SearchAction","target":{"@type":"EntryPoint","urlTemplate":"https:\/\/acpri.cat\/es\/?s={search_term_string}"},"query-input":{"@type":"PropertyValueSpecification","valueRequired":true,"valueName":"search_term_string"}}],"inLanguage":"es"}]}},"_links":{"self":[{"href":"https:\/\/acpri.cat\/es\/wp-json\/wp\/v2\/pages\/25592","targetHints":{"allow":["GET"]}}],"collection":[{"href":"https:\/\/acpri.cat\/es\/wp-json\/wp\/v2\/pages"}],"about":[{"href":"https:\/\/acpri.cat\/es\/wp-json\/wp\/v2\/types\/page"}],"author":[{"embeddable":true,"href":"https:\/\/acpri.cat\/es\/wp-json\/wp\/v2\/users\/544"}],"replies":[{"embeddable":true,"href":"https:\/\/acpri.cat\/es\/wp-json\/wp\/v2\/comments?post=25592"}],"version-history":[{"count":1,"href":"https:\/\/acpri.cat\/es\/wp-json\/wp\/v2\/pages\/25592\/revisions"}],"predecessor-version":[{"id":25846,"href":"https:\/\/acpri.cat\/es\/wp-json\/wp\/v2\/pages\/25592\/revisions\/25846"}],"up":[{"embeddable":true,"href":"https:\/\/acpri.cat\/es\/wp-json\/wp\/v2\/pages\/21163"}],"wp:attachment":[{"href":"https:\/\/acpri.cat\/es\/wp-json\/wp\/v2\/media?parent=25592"}],"curies":[{"name":"wp","href":"https:\/\/api.w.org\/{rel}","templated":true}]}}