{"id":25527,"date":"2024-05-10T13:48:07","date_gmt":"2024-05-10T11:48:07","guid":{"rendered":"https:\/\/acpri.cat\/?page_id=25527"},"modified":"2025-05-13T12:13:46","modified_gmt":"2025-05-13T10:13:46","slug":"premios-acpri-2009__trashed","status":"publish","type":"page","link":"https:\/\/acpri.cat\/es\/la-nit\/premios-acpri-2009__trashed\/","title":{"rendered":"Premios ACPRI 2009"},"content":{"rendered":"\n<p>El 16 de octubre, durante la celebraci\u00f3n de la II Nit de l\u2019ACPRI, tuvo lugar la entrega de los <strong>Premios Nacionales de Protocolo y Relaciones Institucionales.<\/strong><\/p>\n\n\n\n<p><strong>Joaquim Llad\u00f3<\/strong>, actualmente jefe de Protocolo del Departamento de Pol\u00edtica Territorial y Obras Publicas de la Generalitat, y la <strong>Fira de Barcelona<\/strong> han sido los ganadores de los Premios Nacionales de Protocolo y Relaciones Institucionales otorgados por la Asociaci\u00f3n Catalana de Protocolo y Relaciones Institucionales (ACPRI),<\/p>\n\n\n\n<p>En la <strong>categor\u00eda profesional<\/strong> ha sido elegido <strong>Joaquim Llad\u00f3<\/strong>, jefe de Protocolo del Departamento de Pol\u00edtica Territorial y Obras Publicas de la Generalitat de Catalunya por&nbsp; su trayectoria profesional demostrada durante los \u00faltimos 20 a\u00f1os; donde ha participado en la organizaci\u00f3n de actos y por la importante tarea de protocolo y de relaciones institucionales, llevada a cabo en su etapa en la delegaci\u00f3n de la Generalitat de Catalunya en Girona colaborando con todo tipo de instituci\u00f3n,&nbsp; p\u00fablica y privada, tanto de ambito nacional como internacional en la promoci\u00f3n exterior de Girona y de Catalunya. Por esta distinci\u00f3n y en el transcurso de la II Nit de l\u2019ACPRI, se le otorga la insignia de oro del ACPRI y el diploma acreditativo.<\/p>\n\n\n\n<p>En la <strong>categor\u00eda de instituciones p\u00fablicas y privadas<\/strong>, se acuerda conceder el Premio ACPRI a la <strong>Fira de Barcelona;<\/strong> per su promoci\u00f3n y defensa del protocolo y\u00a0de las relaciones institucionales en beneficio del \u00e9xito en la organizaci\u00f3n de actos y por el mantenimiento de las buenas relaciones entre el tejido econ\u00f3mico e industrial catal\u00e1n, con el resto del mundo y con las principales instituciones p\u00fablicas y privadas nacionales como internacionales. Por esta distinci\u00f3n y en el transcurso de la II Nit de l\u2019ACPRI, le ser\u00e1 entregado un trofeo conmemorativo y el diploma acreditativo.<\/p>\n\n\n\n<p><strong>Menci\u00f3n especial<\/strong><\/p>\n\n\n\n<p>El jurado ha querido hacer una menci\u00f3n especial y con motivo de esta primera edici\u00f3n de los premios, a los profesionales del protocolo y de las relaciones institucionales que han contribuido y contribuyen con su trabajo, entrega y profesionalidad en hacer de la Generalitat de Catalunya la instituci\u00f3n apreciada y respetada que es, ja sea en nuestro pa\u00eds, como en Europa y el resto del mundo y que ha simbolizado y simboliza, para el colectivo de profesionales del protocolo y de las relaciones institucionales de Catalunya en cualquier lugar, un estilo \u00fanico de hacer instituci\u00f3n.<\/p>\n\n\n\n<hr class=\"wp-block-separator has-css-opacity\"\/>\n\n\n\n<h3 class=\"wp-block-heading has-text-align-center\">Premiados<\/h3>\n\n\n\n<hr class=\"wp-block-separator has-css-opacity\"\/>\n\n\n\n<div class=\"wp-block-ugb-icon-list ugb-icon-list ugb-icon-list-wrapper ugb-038844b ugb-icon-list--v2 ugb-main-block\"><style>.ugb-038844b li::before{background-image:url('data:image\/svg+xml;base64,PHN2ZyB4bWxucz0iaHR0cDovL3d3dy53My5vcmcvMjAwMC9zdmciIHZpZXdCb3g9IjAgMCAxOTAgMTkwIiBzdHlsZT0iZmlsbDogI2NmMmUyZSAhaW1wb3J0YW50OyBjb2xvcjogI2NmMmUyZSAhaW1wb3J0YW50Ij48cGF0aCBkPSJNOTUuNCA2LjNsMjkuMiA1OCA2NC4yIDkuOS00Ni4yIDQ1LjcgMTAuNSA2NC4xLTU3LjctMjkuOEwzNy42IDE4NGwxMC41LTY0LjFMMiA3NC4ybDY0LjItOS45eiIgZmlsbD0iI2NmMmUyZSIgc3Ryb2tlPSIjY2YyZTJlIiBzdHlsZT0iZmlsbDogcmdiKDIwNywgNDYsIDQ2KTsgc3Ryb2tlOiByZ2IoMjA3LCA0NiwgNDYpOyIvPjwvc3ZnPg==')}.ugb-038844b.ugb-icon-list ul{columns:2}<\/style><div class=\"ugb-inner-block\"><div class=\"ugb-block-content\"><ul><li><strong>Joaquim Llad\u00f3<\/strong><br><em><em>Premio a la trayectoria, persona f\u00edsica<\/em><\/em><\/li><\/ul><\/div><\/div><\/div>\n\n\n\n<div class=\"wp-block-ugb-icon-list ugb-icon-list ugb-icon-list-wrapper ugb-b173e89 ugb-icon-list--v2 ugb-main-block\"><style>.ugb-b173e89 li::before{background-image:url('data:image\/svg+xml;base64,PHN2ZyB4bWxucz0iaHR0cDovL3d3dy53My5vcmcvMjAwMC9zdmciIHZpZXdCb3g9IjAgMCAxOTAgMTkwIiBzdHlsZT0iZmlsbDogI2NmMmUyZSAhaW1wb3J0YW50OyBjb2xvcjogI2NmMmUyZSAhaW1wb3J0YW50Ij48cGF0aCBkPSJNOTUuNCA2LjNsMjkuMiA1OCA2NC4yIDkuOS00Ni4yIDQ1LjcgMTAuNSA2NC4xLTU3LjctMjkuOEwzNy42IDE4NGwxMC41LTY0LjFMMiA3NC4ybDY0LjItOS45eiIgZmlsbD0iI2NmMmUyZSIgc3Ryb2tlPSIjY2YyZTJlIiBzdHlsZT0iZmlsbDogcmdiKDIwNywgNDYsIDQ2KTsgc3Ryb2tlOiByZ2IoMjA3LCA0NiwgNDYpOyIvPjwvc3ZnPg==')}.ugb-b173e89.ugb-icon-list ul{columns:2}<\/style><div class=\"ugb-inner-block\"><div class=\"ugb-block-content\"><ul><li><strong>Fira Barcelona<\/strong><br><em><em>Premio a la categor\u00eda de Entidad P\u00fablica y\/o Privada<\/em><\/em><\/li><\/ul><\/div><\/div><\/div>\n\n\n<a class=\"boto-acpri\" href=\"https:\/\/flic.kr\/s\/aHBqjBpEsG\" S\u00ed target=\"_blank\" style=\" display: block; border: 1px solid #a51f21; padding: 2rem; font-size: 1.5rem; color: #a51f21; width: 100%; margin-bottom: 1rem; text-decoration: none; background-image: url(\/wp-content\/uploads\/2018\/07\/acpri-anagrama.png); background-position: right center; background-repeat: no-repeat;\">\n  Galer\u00eda de fotograf\u00edas<\/a>\n","protected":false},"excerpt":{"rendered":"<p>El 16 de octubre, durante la celebraci\u00f3n de la II Nit de l\u2019ACPRI, tuvo lugar la entrega de los Premios Nacionales de Protocolo y Relaciones Institucionales. Joaquim Llad\u00f3, actualmente jefe [&hellip;]<\/p>\n","protected":false},"author":544,"featured_media":0,"parent":21163,"menu_order":0,"comment_status":"closed","ping_status":"closed","template":"","meta":{"_acf_changed":false,"_bbp_topic_count":0,"_bbp_reply_count":0,"_bbp_total_topic_count":0,"_bbp_total_reply_count":0,"_bbp_voice_count":0,"_bbp_anonymous_reply_count":0,"_bbp_topic_count_hidden":0,"_bbp_reply_count_hidden":0,"_bbp_forum_subforum_count":0,"_coblocks_attr":"","_coblocks_dimensions":"","_coblocks_responsive_height":"","_coblocks_accordion_ie_support":"","_EventAllDay":false,"_EventTimezone":"","_EventStartDate":"","_EventEndDate":"","_EventStartDateUTC":"","_EventEndDateUTC":"","_EventShowMap":false,"_EventShowMapLink":false,"_EventURL":"","_EventCost":"","_EventCostDescription":"","_EventCurrencySymbol":"","_EventCurrencyCode":"","_EventCurrencyPosition":"","_EventDateTimeSeparator":"","_EventTimeRangeSeparator":"","_EventOrganizerID":[],"_EventVenueID":[],"_OrganizerEmail":"","_OrganizerPhone":"","_OrganizerWebsite":"","_VenueAddress":"","_VenueCity":"","_VenueCountry":"","_VenueProvince":"","_VenueState":"","_VenueZip":"","_VenuePhone":"","_VenueURL":"","_VenueStateProvince":"","_VenueLat":"","_VenueLng":"","_VenueShowMap":false,"_VenueShowMapLink":false,"footnotes":""},"class_list":["post-25527","page","type-page","status-publish","hentry"],"acf":[],"featured_image_urls_v2":{"full":"","thumbnail":"","medium":"","medium_large":"","large":"","1536x1536":"","2048x2048":""},"post_excerpt_stackable_v2":"<p>El 16 de octubre, durante la celebraci\u00f3n de la II Nit de l\u2019ACPRI, tuvo lugar la entrega de los Premios Nacionales de Protocolo y Relaciones Institucionales. Joaquim Llad\u00f3, actualmente jefe de Protocolo del Departamento de Pol\u00edtica Territorial y Obras Publicas de la Generalitat, y la Fira de Barcelona han sido los ganadores de los Premios Nacionales de Protocolo y Relaciones Institucionales otorgados por la Asociaci\u00f3n Catalana de Protocolo y Relaciones Institucionales (ACPRI), En la categor\u00eda profesional ha sido elegido Joaquim Llad\u00f3, jefe de Protocolo del Departamento de Pol\u00edtica Territorial y Obras Publicas de la Generalitat de Catalunya por&nbsp; su trayectoria&hellip;<\/p>\n","category_list_v2":"","author_info_v2":{"name":"","url":"https:\/\/acpri.cat\/es\/author\/"},"comments_num_v2":"0 comentarios","yoast_head":"<!-- This site is optimized with the Yoast SEO plugin v27.4 - https:\/\/yoast.com\/product\/yoast-seo-wordpress\/ -->\n<title>Premios ACPRI 2009 &#171; ACPRI<\/title>\n<meta name=\"robots\" content=\"index, follow, max-snippet:-1, max-image-preview:large, max-video-preview:-1\" \/>\n<link rel=\"canonical\" href=\"https:\/\/acpri.cat\/es\/la-nit\/premios-acpri-2009__trashed\/\" \/>\n<meta property=\"og:locale\" content=\"es_ES\" \/>\n<meta property=\"og:type\" content=\"article\" \/>\n<meta property=\"og:title\" content=\"Premios ACPRI 2009 &#171; ACPRI\" \/>\n<meta property=\"og:description\" content=\"El 16 de octubre, durante la celebraci\u00f3n de la II Nit de l\u2019ACPRI, tuvo lugar la entrega de los Premios Nacionales de Protocolo y Relaciones Institucionales. Joaquim Llad\u00f3, actualmente jefe [&hellip;]\" \/>\n<meta property=\"og:url\" content=\"https:\/\/acpri.cat\/es\/la-nit\/premios-acpri-2009__trashed\/\" \/>\n<meta property=\"og:site_name\" content=\"ACPRI\" \/>\n<meta property=\"article:modified_time\" content=\"2025-05-13T10:13:46+00:00\" \/>\n<meta name=\"twitter:card\" content=\"summary_large_image\" \/>\n<meta name=\"twitter:label1\" content=\"Tiempo de lectura\" \/>\n\t<meta name=\"twitter:data1\" content=\"3 minutos\" \/>\n<script type=\"application\/ld+json\" class=\"yoast-schema-graph\">{\"@context\":\"https:\\\/\\\/schema.org\",\"@graph\":[{\"@type\":\"WebPage\",\"@id\":\"https:\\\/\\\/acpri.cat\\\/es\\\/la-nit\\\/premios-acpri-2009__trashed\\\/\",\"url\":\"https:\\\/\\\/acpri.cat\\\/es\\\/la-nit\\\/premios-acpri-2009__trashed\\\/\",\"name\":\"Premios ACPRI 2009 &#171; ACPRI\",\"isPartOf\":{\"@id\":\"https:\\\/\\\/acpri.cat\\\/es\\\/#website\"},\"datePublished\":\"2024-05-10T11:48:07+00:00\",\"dateModified\":\"2025-05-13T10:13:46+00:00\",\"breadcrumb\":{\"@id\":\"https:\\\/\\\/acpri.cat\\\/es\\\/la-nit\\\/premios-acpri-2009__trashed\\\/#breadcrumb\"},\"inLanguage\":\"es\",\"potentialAction\":[{\"@type\":\"ReadAction\",\"target\":[\"https:\\\/\\\/acpri.cat\\\/es\\\/la-nit\\\/premios-acpri-2009__trashed\\\/\"]}]},{\"@type\":\"BreadcrumbList\",\"@id\":\"https:\\\/\\\/acpri.cat\\\/es\\\/la-nit\\\/premios-acpri-2009__trashed\\\/#breadcrumb\",\"itemListElement\":[{\"@type\":\"ListItem\",\"position\":1,\"name\":\"Inici\",\"item\":\"https:\\\/\\\/acpri.cat\\\/es\\\/\"},{\"@type\":\"ListItem\",\"position\":2,\"name\":\"La Nit\",\"item\":\"https:\\\/\\\/acpri.cat\\\/es\\\/la-nit\\\/\"},{\"@type\":\"ListItem\",\"position\":3,\"name\":\"Premios ACPRI 2009\"}]},{\"@type\":\"WebSite\",\"@id\":\"https:\\\/\\\/acpri.cat\\\/es\\\/#website\",\"url\":\"https:\\\/\\\/acpri.cat\\\/es\\\/\",\"name\":\"ACPRI\",\"description\":\"Associaci\u00f3 Catalana de Protocol i Relacions Institucionals\",\"potentialAction\":[{\"@type\":\"SearchAction\",\"target\":{\"@type\":\"EntryPoint\",\"urlTemplate\":\"https:\\\/\\\/acpri.cat\\\/es\\\/?s={search_term_string}\"},\"query-input\":{\"@type\":\"PropertyValueSpecification\",\"valueRequired\":true,\"valueName\":\"search_term_string\"}}],\"inLanguage\":\"es\"}]}<\/script>\n<!-- \/ Yoast SEO plugin. -->","yoast_head_json":{"title":"Premios ACPRI 2009 &#171; ACPRI","robots":{"index":"index","follow":"follow","max-snippet":"max-snippet:-1","max-image-preview":"max-image-preview:large","max-video-preview":"max-video-preview:-1"},"canonical":"https:\/\/acpri.cat\/es\/la-nit\/premios-acpri-2009__trashed\/","og_locale":"es_ES","og_type":"article","og_title":"Premios ACPRI 2009 &#171; ACPRI","og_description":"El 16 de octubre, durante la celebraci\u00f3n de la II Nit de l\u2019ACPRI, tuvo lugar la entrega de los Premios Nacionales de Protocolo y Relaciones Institucionales. Joaquim Llad\u00f3, actualmente jefe [&hellip;]","og_url":"https:\/\/acpri.cat\/es\/la-nit\/premios-acpri-2009__trashed\/","og_site_name":"ACPRI","article_modified_time":"2025-05-13T10:13:46+00:00","twitter_card":"summary_large_image","twitter_misc":{"Tiempo de lectura":"3 minutos"},"schema":{"@context":"https:\/\/schema.org","@graph":[{"@type":"WebPage","@id":"https:\/\/acpri.cat\/es\/la-nit\/premios-acpri-2009__trashed\/","url":"https:\/\/acpri.cat\/es\/la-nit\/premios-acpri-2009__trashed\/","name":"Premios ACPRI 2009 &#171; ACPRI","isPartOf":{"@id":"https:\/\/acpri.cat\/es\/#website"},"datePublished":"2024-05-10T11:48:07+00:00","dateModified":"2025-05-13T10:13:46+00:00","breadcrumb":{"@id":"https:\/\/acpri.cat\/es\/la-nit\/premios-acpri-2009__trashed\/#breadcrumb"},"inLanguage":"es","potentialAction":[{"@type":"ReadAction","target":["https:\/\/acpri.cat\/es\/la-nit\/premios-acpri-2009__trashed\/"]}]},{"@type":"BreadcrumbList","@id":"https:\/\/acpri.cat\/es\/la-nit\/premios-acpri-2009__trashed\/#breadcrumb","itemListElement":[{"@type":"ListItem","position":1,"name":"Inici","item":"https:\/\/acpri.cat\/es\/"},{"@type":"ListItem","position":2,"name":"La Nit","item":"https:\/\/acpri.cat\/es\/la-nit\/"},{"@type":"ListItem","position":3,"name":"Premios ACPRI 2009"}]},{"@type":"WebSite","@id":"https:\/\/acpri.cat\/es\/#website","url":"https:\/\/acpri.cat\/es\/","name":"ACPRI","description":"Associaci\u00f3 Catalana de Protocol i Relacions Institucionals","potentialAction":[{"@type":"SearchAction","target":{"@type":"EntryPoint","urlTemplate":"https:\/\/acpri.cat\/es\/?s={search_term_string}"},"query-input":{"@type":"PropertyValueSpecification","valueRequired":true,"valueName":"search_term_string"}}],"inLanguage":"es"}]}},"_links":{"self":[{"href":"https:\/\/acpri.cat\/es\/wp-json\/wp\/v2\/pages\/25527","targetHints":{"allow":["GET"]}}],"collection":[{"href":"https:\/\/acpri.cat\/es\/wp-json\/wp\/v2\/pages"}],"about":[{"href":"https:\/\/acpri.cat\/es\/wp-json\/wp\/v2\/types\/page"}],"author":[{"embeddable":true,"href":"https:\/\/acpri.cat\/es\/wp-json\/wp\/v2\/users\/544"}],"replies":[{"embeddable":true,"href":"https:\/\/acpri.cat\/es\/wp-json\/wp\/v2\/comments?post=25527"}],"version-history":[{"count":1,"href":"https:\/\/acpri.cat\/es\/wp-json\/wp\/v2\/pages\/25527\/revisions"}],"predecessor-version":[{"id":26126,"href":"https:\/\/acpri.cat\/es\/wp-json\/wp\/v2\/pages\/25527\/revisions\/26126"}],"up":[{"embeddable":true,"href":"https:\/\/acpri.cat\/es\/wp-json\/wp\/v2\/pages\/21163"}],"wp:attachment":[{"href":"https:\/\/acpri.cat\/es\/wp-json\/wp\/v2\/media?parent=25527"}],"curies":[{"name":"wp","href":"https:\/\/api.w.org\/{rel}","templated":true}]}}