{"id":25443,"date":"2024-05-09T14:37:23","date_gmt":"2024-05-09T12:37:23","guid":{"rendered":"https:\/\/acpri.cat\/?page_id=25443"},"modified":"2026-04-20T17:15:11","modified_gmt":"2026-04-20T15:15:11","slug":"premios-acpri-2022__trashed","status":"publish","type":"page","link":"https:\/\/acpri.cat\/es\/la-nit\/premios-acpri-2022__trashed\/","title":{"rendered":"Premios ACPRI 2022"},"content":{"rendered":"\n<p>El jueves 17 de noviembre se celebr\u00f3 la Noche de&nbsp;ACPRI&nbsp;2022 en el Gran Teatro del Liceo. Un acontecimiento que fue la excusa perfecta para reunirnos los amigos y compa\u00f1eros de profesi\u00f3n y de empezar la celebraci\u00f3n de los 15 a\u00f1os de ACPRI.<\/p>\n\n\n\n<p>Una noche llena de emociones y momentos que quedar\u00e1n para siempre en la memoria de los #asistente.<\/p>\n\n\n\n<p>All\u00e1 pudimos disfrutar del acto de entrega de los Premios Nacionales de Protocolo y Relaciones Institucionales&nbsp;conduit&nbsp;por el amigo (y veterano en nuestras celebraciones) de la Asociaci\u00f3n,<br>el Sr. Xavier&nbsp;Coral.<\/p>\n\n\n\n<p>Por primera vez, el jurado de los Premios&nbsp;ACPRI han sido los mismos socios. Mediante los formularios de votaciones distribuidos por la Asociaci\u00f3n, las personas integrantes de ACPRI decidieron los ganadores de esta edici\u00f3n.<\/p>\n\n\n\n<p>De aqu\u00ed los resultados de La Noche:<\/p>\n\n\n\n<p>El <strong>premio a la<\/strong> <strong>Acci\u00f3n Internacional<\/strong> se lo llev\u00f3 el <strong>Festival Cruce<\/strong>, el festival musical que pose en Barcelona y Catalu\u00f1a en el centro del panorama musical durante el mes de julio. Recogieron el premio el Sr. Jordi&nbsp;Herreruela&nbsp;(director del Festival) y el Sr. Gorka&nbsp;Niub\u00f3&nbsp;(director de Relaciones Institucionales).<\/p>\n\n\n\n<p>El <strong>premio&nbsp;ACPRI&nbsp;a la Instituci\u00f3n P\u00fablica y\/o Privada<\/strong> fue dirigido hacia el <strong>Ayuntamiento de Tortosa<\/strong> por la organizaci\u00f3n de la <strong>Fiesta del Renacimiento<\/strong>. Tuvimos el honor de recibir la alcaldesa del municipio, la Ilma. Sra. Meritxell&nbsp;Roig\u00e9&nbsp;y el regidor de Cultura, el Sr. Joaquim Martorell.<\/p>\n\n\n\n<p>El <strong>premio&nbsp;ACPRI&nbsp;a la Trayectoria Profesional<\/strong> recay\u00f3 en el <strong>Sr. Javier&nbsp;Carnicer<\/strong>, jefe de Protocolo del Gobierno de Arag\u00f3n. Con su talante y actitud que lo caracteriza, el Sr.&nbsp;Carnicer&nbsp;subi\u00f3 a recoger el premio y dedic\u00f3 unas palabras a todas las personas asociadas a ACPRI&nbsp;que participaron y tambi\u00e9n a su esposa.<\/p>\n\n\n\n<p>Al acabar la entrega de Premios disfrutamos de una magn\u00edfica cena de pie y sorteamos unos obsequios cortes\u00eda de todos los colaboradores de La Noche.<\/p>\n\n\n\n<p>Hacia las&nbsp;23h&nbsp;cerramos la Noche de ACPRI 2022 con una sonrisa a la cara y con las ganas de vivir m\u00e1s experiencias como estas.<\/p>\n\n\n\n<hr class=\"wp-block-separator has-css-opacity\"\/>\n\n\n\n<h3 class=\"wp-block-heading has-text-align-center\">Premiados<\/h3>\n\n\n\n<hr class=\"wp-block-separator has-css-opacity\"\/>\n\n\n\n<div class=\"wp-block-ugb-icon-list ugb-icon-list ugb-icon-list-wrapper ugb-038844b ugb-icon-list--v2 ugb-main-block\"><style>.ugb-038844b li::before{background-image:url('data:image\/svg+xml;base64,PHN2ZyB4bWxucz0iaHR0cDovL3d3dy53My5vcmcvMjAwMC9zdmciIHZpZXdCb3g9IjAgMCAxOTAgMTkwIiBzdHlsZT0iZmlsbDogI2NmMmUyZSAhaW1wb3J0YW50OyBjb2xvcjogI2NmMmUyZSAhaW1wb3J0YW50Ij48cGF0aCBkPSJNOTUuNCA2LjNsMjkuMiA1OCA2NC4yIDkuOS00Ni4yIDQ1LjcgMTAuNSA2NC4xLTU3LjctMjkuOEwzNy42IDE4NGwxMC41LTY0LjFMMiA3NC4ybDY0LjItOS45eiIgZmlsbD0iI2NmMmUyZSIgc3Ryb2tlPSIjY2YyZTJlIiBzdHlsZT0iZmlsbDogcmdiKDIwNywgNDYsIDQ2KTsgc3Ryb2tlOiByZ2IoMjA3LCA0NiwgNDYpOyIvPjwvc3ZnPg==')}.ugb-038844b.ugb-icon-list ul{columns:2}<\/style><div class=\"ugb-inner-block\"><div class=\"ugb-block-content\"><ul><li><strong>Javier Carnicer<\/strong><br><em>Premio a la trayectoria, persona f\u00edsica <\/em><\/li><\/ul><\/div><\/div><\/div>\n\n\n\n<div class=\"wp-block-ugb-icon-list ugb-icon-list ugb-icon-list-wrapper ugb-b173e89 ugb-icon-list--v2 ugb-main-block\"><style>.ugb-b173e89 li::before{background-image:url('data:image\/svg+xml;base64,PHN2ZyB4bWxucz0iaHR0cDovL3d3dy53My5vcmcvMjAwMC9zdmciIHZpZXdCb3g9IjAgMCAxOTAgMTkwIiBzdHlsZT0iZmlsbDogI2NmMmUyZSAhaW1wb3J0YW50OyBjb2xvcjogI2NmMmUyZSAhaW1wb3J0YW50Ij48cGF0aCBkPSJNOTUuNCA2LjNsMjkuMiA1OCA2NC4yIDkuOS00Ni4yIDQ1LjcgMTAuNSA2NC4xLTU3LjctMjkuOEwzNy42IDE4NGwxMC41LTY0LjFMMiA3NC4ybDY0LjItOS45eiIgZmlsbD0iI2NmMmUyZSIgc3Ryb2tlPSIjY2YyZTJlIiBzdHlsZT0iZmlsbDogcmdiKDIwNywgNDYsIDQ2KTsgc3Ryb2tlOiByZ2IoMjA3LCA0NiwgNDYpOyIvPjwvc3ZnPg==')}.ugb-b173e89.ugb-icon-list ul{columns:2}<\/style><div class=\"ugb-inner-block\"><div class=\"ugb-block-content\"><ul><li><strong><strong><strong>Fiesta del Renacimiento del Ayuntamiento de Tortosa<\/strong><\/strong><\/strong><br><em><em>Premio a la categor\u00eda de Entidad P\u00fablica y\/o Privada<\/em><\/em><\/li><\/ul><\/div><\/div><\/div>\n\n\n\n<div class=\"wp-block-ugb-icon-list ugb-icon-list ugb-icon-list-wrapper ugb-a831630 ugb-icon-list--v2 ugb-main-block\"><style>.ugb-a831630 li::before{background-image:url('data:image\/svg+xml;base64,PHN2ZyB4bWxucz0iaHR0cDovL3d3dy53My5vcmcvMjAwMC9zdmciIHZpZXdCb3g9IjAgMCAxOTAgMTkwIiBzdHlsZT0iZmlsbDogI2NmMmUyZSAhaW1wb3J0YW50OyBjb2xvcjogI2NmMmUyZSAhaW1wb3J0YW50Ij48cGF0aCBkPSJNOTUuNCA2LjNsMjkuMiA1OCA2NC4yIDkuOS00Ni4yIDQ1LjcgMTAuNSA2NC4xLTU3LjctMjkuOEwzNy42IDE4NGwxMC41LTY0LjFMMiA3NC4ybDY0LjItOS45eiIgZmlsbD0iI2NmMmUyZSIgc3Ryb2tlPSIjY2YyZTJlIiBzdHlsZT0iZmlsbDogcmdiKDIwNywgNDYsIDQ2KTsgc3Ryb2tlOiByZ2IoMjA3LCA0NiwgNDYpOyIvPjwvc3ZnPg==')}.ugb-a831630.ugb-icon-list ul{columns:2}<\/style><div class=\"ugb-inner-block\"><div class=\"ugb-block-content\"><ul><li><strong><strong><strong>Festival Cr<\/strong><\/strong>u\u00eflla<\/strong><br><em><em>Premio a la categor\u00eda de Acci\u00f3n Internacional<\/em><\/em><\/li><\/ul><\/div><\/div><\/div>\n\n\n<a class=\"boto-acpri\" href=\"https:\/\/flic.kr\/s\/aHBqjAgrRK\" S\u00ed target=\"_blank\" style=\" display: block; border: 1px solid #a51f21; padding: 2rem; font-size: 1.5rem; color: #a51f21; width: 100%; margin-bottom: 1rem; text-decoration: none; background-image: url(\/wp-content\/uploads\/2018\/07\/acpri-anagrama.png); background-position: right center; background-repeat: no-repeat;\">\n  Galer\u00eda de fotograf\u00edas<\/a>\n\n\n<a class=\"boto-acpri\" href=\"https:\/\/acpri.cat\/wp-content\/uploads\/2024\/06\/actajuratpremisacpri2022.pdf\" S\u00ed target=\"_blank\" style=\" display: block; border: 1px solid #a51f21; padding: 2rem; font-size: 1.5rem; color: #a51f21; width: 100%; margin-bottom: 1rem; text-decoration: none; background-image: url(\/wp-content\/uploads\/2018\/07\/acpri-anagrama.png); background-position: right center; background-repeat: no-repeat;\">\n  Acta del Jurado<\/a>\n","protected":false},"excerpt":{"rendered":"<p>El jueves 17 de noviembre se celebr\u00f3 la Noche de&nbsp;ACPRI&nbsp;2022 en el Gran Teatro del Liceo. Un acontecimiento que fue la excusa perfecta para reunirnos los amigos y compa\u00f1eros de [&hellip;]<\/p>\n","protected":false},"author":544,"featured_media":0,"parent":21163,"menu_order":0,"comment_status":"closed","ping_status":"closed","template":"","meta":{"_acf_changed":false,"_bbp_topic_count":0,"_bbp_reply_count":0,"_bbp_total_topic_count":0,"_bbp_total_reply_count":0,"_bbp_voice_count":0,"_bbp_anonymous_reply_count":0,"_bbp_topic_count_hidden":0,"_bbp_reply_count_hidden":0,"_bbp_forum_subforum_count":0,"_coblocks_attr":"","_coblocks_dimensions":"","_coblocks_responsive_height":"","_coblocks_accordion_ie_support":"","_EventAllDay":false,"_EventTimezone":"","_EventStartDate":"","_EventEndDate":"","_EventStartDateUTC":"","_EventEndDateUTC":"","_EventShowMap":false,"_EventShowMapLink":false,"_EventURL":"","_EventCost":"","_EventCostDescription":"","_EventCurrencySymbol":"","_EventCurrencyCode":"","_EventCurrencyPosition":"","_EventDateTimeSeparator":"","_EventTimeRangeSeparator":"","_EventOrganizerID":[],"_EventVenueID":[],"_OrganizerEmail":"","_OrganizerPhone":"","_OrganizerWebsite":"","_VenueAddress":"","_VenueCity":"","_VenueCountry":"","_VenueProvince":"","_VenueState":"","_VenueZip":"","_VenuePhone":"","_VenueURL":"","_VenueStateProvince":"","_VenueLat":"","_VenueLng":"","_VenueShowMap":false,"_VenueShowMapLink":false,"footnotes":""},"class_list":["post-25443","page","type-page","status-publish","hentry"],"acf":[],"featured_image_urls_v2":{"full":"","thumbnail":"","medium":"","medium_large":"","large":"","1536x1536":"","2048x2048":""},"post_excerpt_stackable_v2":"<p>El jueves 17 de noviembre se celebr\u00f3 la Noche de&nbsp;ACPRI&nbsp;2022 en el Gran Teatro del Liceo. Un acontecimiento que fue la excusa perfecta para reunirnos los amigos y compa\u00f1eros de profesi\u00f3n y de empezar la celebraci\u00f3n de los 15 a\u00f1os de ACPRI. Una noche llena de emociones y momentos que quedar\u00e1n para siempre en la memoria de los #asistente. All\u00e1 pudimos disfrutar del acto de entrega de los Premios Nacionales de Protocolo y Relaciones Institucionales&nbsp;conduit&nbsp;por el amigo (y veterano en nuestras celebraciones) de la Asociaci\u00f3n,el Sr. Xavier&nbsp;Coral. Por primera vez, el jurado de los Premios&nbsp;ACPRI han sido los mismos socios.&hellip;<\/p>\n","category_list_v2":"","author_info_v2":{"name":"","url":"https:\/\/acpri.cat\/es\/author\/"},"comments_num_v2":"0 comentarios","yoast_head":"<!-- This site is optimized with the Yoast SEO plugin v27.4 - https:\/\/yoast.com\/product\/yoast-seo-wordpress\/ -->\n<title>Premios ACPRI 2022 &#171; ACPRI<\/title>\n<meta name=\"robots\" content=\"index, follow, max-snippet:-1, max-image-preview:large, max-video-preview:-1\" \/>\n<link rel=\"canonical\" href=\"https:\/\/acpri.cat\/es\/la-nit\/premios-acpri-2022__trashed\/\" \/>\n<meta property=\"og:locale\" content=\"es_ES\" \/>\n<meta property=\"og:type\" content=\"article\" \/>\n<meta property=\"og:title\" content=\"Premios ACPRI 2022 &#171; ACPRI\" \/>\n<meta property=\"og:description\" content=\"El jueves 17 de noviembre se celebr\u00f3 la Noche de&nbsp;ACPRI&nbsp;2022 en el Gran Teatro del Liceo. Un acontecimiento que fue la excusa perfecta para reunirnos los amigos y compa\u00f1eros de [&hellip;]\" \/>\n<meta property=\"og:url\" content=\"https:\/\/acpri.cat\/es\/la-nit\/premios-acpri-2022__trashed\/\" \/>\n<meta property=\"og:site_name\" content=\"ACPRI\" \/>\n<meta property=\"article:modified_time\" content=\"2026-04-20T15:15:11+00:00\" \/>\n<meta name=\"twitter:card\" content=\"summary_large_image\" \/>\n<meta name=\"twitter:label1\" content=\"Tiempo de lectura\" \/>\n\t<meta name=\"twitter:data1\" content=\"3 minutos\" \/>\n<script type=\"application\/ld+json\" class=\"yoast-schema-graph\">{\"@context\":\"https:\\\/\\\/schema.org\",\"@graph\":[{\"@type\":\"WebPage\",\"@id\":\"https:\\\/\\\/acpri.cat\\\/es\\\/la-nit\\\/premios-acpri-2022__trashed\\\/\",\"url\":\"https:\\\/\\\/acpri.cat\\\/es\\\/la-nit\\\/premios-acpri-2022__trashed\\\/\",\"name\":\"Premios ACPRI 2022 &#171; ACPRI\",\"isPartOf\":{\"@id\":\"https:\\\/\\\/acpri.cat\\\/es\\\/#website\"},\"datePublished\":\"2024-05-09T12:37:23+00:00\",\"dateModified\":\"2026-04-20T15:15:11+00:00\",\"breadcrumb\":{\"@id\":\"https:\\\/\\\/acpri.cat\\\/es\\\/la-nit\\\/premios-acpri-2022__trashed\\\/#breadcrumb\"},\"inLanguage\":\"es\",\"potentialAction\":[{\"@type\":\"ReadAction\",\"target\":[\"https:\\\/\\\/acpri.cat\\\/es\\\/la-nit\\\/premios-acpri-2022__trashed\\\/\"]}]},{\"@type\":\"BreadcrumbList\",\"@id\":\"https:\\\/\\\/acpri.cat\\\/es\\\/la-nit\\\/premios-acpri-2022__trashed\\\/#breadcrumb\",\"itemListElement\":[{\"@type\":\"ListItem\",\"position\":1,\"name\":\"Inici\",\"item\":\"https:\\\/\\\/acpri.cat\\\/es\\\/\"},{\"@type\":\"ListItem\",\"position\":2,\"name\":\"La Nit\",\"item\":\"https:\\\/\\\/acpri.cat\\\/es\\\/la-nit\\\/\"},{\"@type\":\"ListItem\",\"position\":3,\"name\":\"Premios ACPRI 2022\"}]},{\"@type\":\"WebSite\",\"@id\":\"https:\\\/\\\/acpri.cat\\\/es\\\/#website\",\"url\":\"https:\\\/\\\/acpri.cat\\\/es\\\/\",\"name\":\"ACPRI\",\"description\":\"Associaci\u00f3 Catalana de Protocol i Relacions Institucionals\",\"potentialAction\":[{\"@type\":\"SearchAction\",\"target\":{\"@type\":\"EntryPoint\",\"urlTemplate\":\"https:\\\/\\\/acpri.cat\\\/es\\\/?s={search_term_string}\"},\"query-input\":{\"@type\":\"PropertyValueSpecification\",\"valueRequired\":true,\"valueName\":\"search_term_string\"}}],\"inLanguage\":\"es\"}]}<\/script>\n<!-- \/ Yoast SEO plugin. -->","yoast_head_json":{"title":"Premios ACPRI 2022 &#171; ACPRI","robots":{"index":"index","follow":"follow","max-snippet":"max-snippet:-1","max-image-preview":"max-image-preview:large","max-video-preview":"max-video-preview:-1"},"canonical":"https:\/\/acpri.cat\/es\/la-nit\/premios-acpri-2022__trashed\/","og_locale":"es_ES","og_type":"article","og_title":"Premios ACPRI 2022 &#171; ACPRI","og_description":"El jueves 17 de noviembre se celebr\u00f3 la Noche de&nbsp;ACPRI&nbsp;2022 en el Gran Teatro del Liceo. Un acontecimiento que fue la excusa perfecta para reunirnos los amigos y compa\u00f1eros de [&hellip;]","og_url":"https:\/\/acpri.cat\/es\/la-nit\/premios-acpri-2022__trashed\/","og_site_name":"ACPRI","article_modified_time":"2026-04-20T15:15:11+00:00","twitter_card":"summary_large_image","twitter_misc":{"Tiempo de lectura":"3 minutos"},"schema":{"@context":"https:\/\/schema.org","@graph":[{"@type":"WebPage","@id":"https:\/\/acpri.cat\/es\/la-nit\/premios-acpri-2022__trashed\/","url":"https:\/\/acpri.cat\/es\/la-nit\/premios-acpri-2022__trashed\/","name":"Premios ACPRI 2022 &#171; ACPRI","isPartOf":{"@id":"https:\/\/acpri.cat\/es\/#website"},"datePublished":"2024-05-09T12:37:23+00:00","dateModified":"2026-04-20T15:15:11+00:00","breadcrumb":{"@id":"https:\/\/acpri.cat\/es\/la-nit\/premios-acpri-2022__trashed\/#breadcrumb"},"inLanguage":"es","potentialAction":[{"@type":"ReadAction","target":["https:\/\/acpri.cat\/es\/la-nit\/premios-acpri-2022__trashed\/"]}]},{"@type":"BreadcrumbList","@id":"https:\/\/acpri.cat\/es\/la-nit\/premios-acpri-2022__trashed\/#breadcrumb","itemListElement":[{"@type":"ListItem","position":1,"name":"Inici","item":"https:\/\/acpri.cat\/es\/"},{"@type":"ListItem","position":2,"name":"La Nit","item":"https:\/\/acpri.cat\/es\/la-nit\/"},{"@type":"ListItem","position":3,"name":"Premios ACPRI 2022"}]},{"@type":"WebSite","@id":"https:\/\/acpri.cat\/es\/#website","url":"https:\/\/acpri.cat\/es\/","name":"ACPRI","description":"Associaci\u00f3 Catalana de Protocol i Relacions Institucionals","potentialAction":[{"@type":"SearchAction","target":{"@type":"EntryPoint","urlTemplate":"https:\/\/acpri.cat\/es\/?s={search_term_string}"},"query-input":{"@type":"PropertyValueSpecification","valueRequired":true,"valueName":"search_term_string"}}],"inLanguage":"es"}]}},"_links":{"self":[{"href":"https:\/\/acpri.cat\/es\/wp-json\/wp\/v2\/pages\/25443","targetHints":{"allow":["GET"]}}],"collection":[{"href":"https:\/\/acpri.cat\/es\/wp-json\/wp\/v2\/pages"}],"about":[{"href":"https:\/\/acpri.cat\/es\/wp-json\/wp\/v2\/types\/page"}],"author":[{"embeddable":true,"href":"https:\/\/acpri.cat\/es\/wp-json\/wp\/v2\/users\/544"}],"replies":[{"embeddable":true,"href":"https:\/\/acpri.cat\/es\/wp-json\/wp\/v2\/comments?post=25443"}],"version-history":[{"count":2,"href":"https:\/\/acpri.cat\/es\/wp-json\/wp\/v2\/pages\/25443\/revisions"}],"predecessor-version":[{"id":28929,"href":"https:\/\/acpri.cat\/es\/wp-json\/wp\/v2\/pages\/25443\/revisions\/28929"}],"up":[{"embeddable":true,"href":"https:\/\/acpri.cat\/es\/wp-json\/wp\/v2\/pages\/21163"}],"wp:attachment":[{"href":"https:\/\/acpri.cat\/es\/wp-json\/wp\/v2\/media?parent=25443"}],"curies":[{"name":"wp","href":"https:\/\/api.w.org\/{rel}","templated":true}]}}