{"id":20117,"date":"2017-11-04T09:59:53","date_gmt":"2017-11-04T08:59:53","guid":{"rendered":"https:\/\/acpri.cat\/home\/"},"modified":"2026-04-24T11:17:19","modified_gmt":"2026-04-24T09:17:19","slug":"home","status":"publish","type":"page","link":"https:\/\/acpri.cat\/es\/","title":{"rendered":"ACPRI &#8211; Inicio"},"content":{"rendered":"\t\t<div data-elementor-type=\"wp-page\" data-elementor-id=\"20117\" class=\"elementor elementor-20117 elementor-2\" data-elementor-post-type=\"page\">\n\t\t\t\t\t\t<section class=\"elementor-section elementor-top-section elementor-element elementor-element-6d722b49 elementor-section-full_width elementor-section-height-default elementor-section-height-default\" data-id=\"6d722b49\" data-element_type=\"section\" data-e-type=\"section\">\n\t\t\t\t\t\t<div class=\"elementor-container elementor-column-gap-no\">\n\t\t\t\t\t<div class=\"elementor-column elementor-col-100 elementor-top-column elementor-element elementor-element-c216630\" data-id=\"c216630\" data-element_type=\"column\" data-e-type=\"column\">\n\t\t\t<div class=\"elementor-widget-wrap elementor-element-populated\">\n\t\t\t\t\t\t<section class=\"elementor-section elementor-inner-section elementor-element elementor-element-934ec8f elementor-section-boxed elementor-section-height-default elementor-section-height-default\" data-id=\"934ec8f\" data-element_type=\"section\" data-e-type=\"section\">\n\t\t\t\t\t\t<div class=\"elementor-container elementor-column-gap-no\">\n\t\t\t\t\t<div class=\"elementor-column elementor-col-33 elementor-inner-column elementor-element elementor-element-a6e9e24\" data-id=\"a6e9e24\" data-element_type=\"column\" data-e-type=\"column\">\n\t\t\t<div class=\"elementor-widget-wrap elementor-element-populated\">\n\t\t\t\t\t\t<div class=\"elementor-element elementor-element-6c571d0 elementor-widget elementor-widget-image\" data-id=\"6c571d0\" data-element_type=\"widget\" data-e-type=\"widget\" data-widget_type=\"image.default\">\n\t\t\t\t<div class=\"elementor-widget-container\">\n\t\t\t\t\t\t\t\t\t\t\t\t\t\t\t\t<a href=\"https:\/\/forms.gle\/q6UbQ7v9hHZMJDcf9\">\n\t\t\t\t\t\t\t<img fetchpriority=\"high\" decoding=\"async\" width=\"1024\" height=\"1024\" src=\"https:\/\/acpri.cat\/wp-content\/uploads\/2026\/04\/dayketing-acpri-2026-71-1.jpg\" class=\"attachment-large size-large wp-image-28988\" alt=\"Dayketing Acpri 2026 (71)\" srcset=\"https:\/\/acpri.cat\/wp-content\/uploads\/2026\/04\/dayketing-acpri-2026-71-1.jpg 1024w, https:\/\/acpri.cat\/wp-content\/uploads\/2026\/04\/dayketing-acpri-2026-71-1-300x300.jpg 300w, https:\/\/acpri.cat\/wp-content\/uploads\/2026\/04\/dayketing-acpri-2026-71-1-150x150.jpg 150w, https:\/\/acpri.cat\/wp-content\/uploads\/2026\/04\/dayketing-acpri-2026-71-1-768x768.jpg 768w\" sizes=\"(max-width: 1024px) 100vw, 1024px\" \/>\t\t\t\t\t\t\t\t<\/a>\n\t\t\t\t\t\t\t\t\t\t\t\t\t\t\t<\/div>\n\t\t\t\t<\/div>\n\t\t\t\t\t<\/div>\n\t\t<\/div>\n\t\t\t\t<div class=\"elementor-column elementor-col-33 elementor-inner-column elementor-element elementor-element-efc11c0\" data-id=\"efc11c0\" data-element_type=\"column\" data-e-type=\"column\">\n\t\t\t<div class=\"elementor-widget-wrap elementor-element-populated\">\n\t\t\t\t\t\t<div class=\"elementor-element elementor-element-bc4b69b elementor-widget elementor-widget-image\" data-id=\"bc4b69b\" data-element_type=\"widget\" data-e-type=\"widget\" data-widget_type=\"image.default\">\n\t\t\t\t<div class=\"elementor-widget-container\">\n\t\t\t\t\t\t\t\t\t\t\t\t\t\t\t<img decoding=\"async\" width=\"1024\" height=\"1024\" src=\"https:\/\/acpri.cat\/wp-content\/uploads\/2024\/07\/escudo-acpri-1024x1024.png\" class=\"attachment-large size-large wp-image-26248\" alt=\"\" srcset=\"https:\/\/acpri.cat\/wp-content\/uploads\/2024\/07\/escudo-acpri-1024x1024.png 1024w, https:\/\/acpri.cat\/wp-content\/uploads\/2024\/07\/escudo-acpri-300x300.png 300w, https:\/\/acpri.cat\/wp-content\/uploads\/2024\/07\/escudo-acpri-150x150.png 150w, https:\/\/acpri.cat\/wp-content\/uploads\/2024\/07\/escudo-acpri-768x769.png 768w, https:\/\/acpri.cat\/wp-content\/uploads\/2024\/07\/escudo-acpri.png 1080w\" sizes=\"(max-width: 1024px) 100vw, 1024px\" \/>\t\t\t\t\t\t\t\t\t\t\t\t\t\t\t<\/div>\n\t\t\t\t<\/div>\n\t\t\t\t\t<\/div>\n\t\t<\/div>\n\t\t\t\t<div class=\"elementor-column elementor-col-33 elementor-inner-column elementor-element elementor-element-05f4188\" data-id=\"05f4188\" data-element_type=\"column\" data-e-type=\"column\">\n\t\t\t<div class=\"elementor-widget-wrap elementor-element-populated\">\n\t\t\t\t\t\t<div class=\"elementor-element elementor-element-fb3de50 elementor-widget elementor-widget-heading\" data-id=\"fb3de50\" data-element_type=\"widget\" data-e-type=\"widget\" data-widget_type=\"heading.default\">\n\t\t\t\t<div class=\"elementor-widget-container\">\n\t\t\t\t\t<h3 class=\"elementor-heading-title elementor-size-default\"><a href=\"https:\/\/acpri.cat\/agenda\/\">Agenda<\/a><\/h3>\t\t\t\t<\/div>\n\t\t\t\t<\/div>\n\t\t\t\t<div class=\"elementor-element elementor-element-cf2f4ea elementor-widget elementor-widget-the-events-calendar-addon\" data-id=\"cf2f4ea\" data-element_type=\"widget\" data-e-type=\"widget\" data-widget_type=\"the-events-calendar-addon.default\">\n\t\t\t\t<div class=\"elementor-widget-container\">\n\t\t\t\t\t<!=========Events minimal-list Template 1.7.3=========><script type=\"application\/ld+json\">\r\n[{\"@context\":\"http:\/\/schema.org\",\"@type\":\"Event\",\"name\":\"Premis ACPRI: Primera Fase\",\"description\":\"&lt;p&gt;En esta fase, cualquier profesional vinculado con el protocolo y las relaciones institucionales podr\\u00e1 proponer todas las candidaturas que crea adecuadas a las dos categor\\u00edas de Premios ACPRI. No es [&hellip;]&lt;\/p&gt;\\\\n\",\"url\":\"https:\/\/acpri.cat\/es\/event\/premis-acpri-primera-fase\/\",\"eventAttendanceMode\":\"https:\/\/schema.org\/OfflineEventAttendanceMode\",\"eventStatus\":\"https:\/\/schema.org\/EventScheduled\",\"startDate\":\"2026-04-08T08:00:00+02:00\",\"endDate\":\"2026-05-17T23:30:00+02:00\",\"performer\":\"Organization\"},{\"@context\":\"http:\/\/schema.org\",\"@type\":\"Event\",\"name\":\"Visita al Palau Muntaner \\u2013 ACPRI\",\"description\":\"&lt;p&gt;Mi\\u00e9rcoles 20 de mayo a las 18:30 h, la ACPRI organiza una visita al Palau Muntaner, edificio obra del arquitecto Llu\\u00eds Dom\\u00e8nech i Muntaner y uno de los pocos ejemplos [&hellip;]&lt;\/p&gt;\\\\n\",\"url\":\"https:\/\/acpri.cat\/es\/event\/visita-al-palau-muntaner-acpri\/\",\"eventAttendanceMode\":\"https:\/\/schema.org\/OfflineEventAttendanceMode\",\"eventStatus\":\"https:\/\/schema.org\/EventScheduled\",\"startDate\":\"2026-05-20T18:30:00+02:00\",\"endDate\":\"2026-05-20T20:00:00+02:00\",\"performer\":\"Organization\"},{\"@context\":\"http:\/\/schema.org\",\"@type\":\"Event\",\"name\":\"Premis ACPRI: Segunda fase\",\"description\":\"&lt;p&gt;En esta fase \\u00fanicamente podr\\u00e1n participar los socios y las socias de ACPRI. Se podr\\u00e1 elegir un candidato a Premio ACPRI de entre las propuestas presentadas en la Primera Fase [&hellip;]&lt;\/p&gt;\\\\n\",\"url\":\"https:\/\/acpri.cat\/es\/event\/premis-acpri-segona-fase\/\",\"eventAttendanceMode\":\"https:\/\/schema.org\/OfflineEventAttendanceMode\",\"eventStatus\":\"https:\/\/schema.org\/EventScheduled\",\"startDate\":\"2026-05-21T08:00:00+02:00\",\"endDate\":\"2026-06-14T23:30:00+02:00\",\"performer\":\"Organization\"},{\"@context\":\"http:\/\/schema.org\",\"@type\":\"Event\",\"name\":\"Premis ACPRI: Tercera Fase\",\"description\":\"&lt;p&gt;En esta fase tambi\\u00e9n podr\\u00e1n participar \\u00fanicamente los socios y las socias de ACPRI. Podr\\u00e1n elegir un candidato de entre los tres que hayan obtenido m\\u00e1s votos en cada categor\\u00eda, [&hellip;]&lt;\/p&gt;\\\\n\",\"url\":\"https:\/\/acpri.cat\/es\/event\/premis-acpri-tercera-fase\/\",\"eventAttendanceMode\":\"https:\/\/schema.org\/OfflineEventAttendanceMode\",\"eventStatus\":\"https:\/\/schema.org\/EventScheduled\",\"startDate\":\"2026-06-18T08:00:00+02:00\",\"endDate\":\"2026-07-08T23:30:00+02:00\",\"performer\":\"Organization\"},{\"@context\":\"http:\/\/schema.org\",\"@type\":\"Event\",\"name\":\"Reserva la fecha: Nit de l\\u2019ACPRI\",\"description\":\"&lt;p&gt;\\u00a1Ap\\u00fantalo ya en tu calendario! El 23 de octubre nos volvemos a reunir para celebrar la Nit de l\\u2019ACPRI, un espacio para compartir, reencontrarnos y reconocer la excelencia en protocolo [&hellip;]&lt;\/p&gt;\\\\n\",\"url\":\"https:\/\/acpri.cat\/es\/event\/reserva-la-fecha-nit-de-lacpri\/\",\"eventAttendanceMode\":\"https:\/\/schema.org\/OfflineEventAttendanceMode\",\"eventStatus\":\"https:\/\/schema.org\/EventScheduled\",\"startDate\":\"2026-10-23T20:00:00+02:00\",\"endDate\":\"2026-10-23T23:30:00+02:00\",\"performer\":\"Organization\"}]\r\n<\/script><div id=\"ectbe-wrapper-cf2f4ea\" class=\"ectbe-wrapper ectbe-minimal-list-wrapper style-1\"><div id=\"event-28932\" class=\"ectbe-inner-wrapper ectbe-simple-event\"><div id=\"ectbe-date\" class=\"ectbe-date-area\">\n\t\t\t\t\t\t<span class=\"ectbe-ev-mo\">Abr<\/span>\n\t\t\t\t\t\t<span class=\"ectbe-ev-day\">08<\/span>\n\t\t\t\t\t<\/div><div class=\"ectbe-content-box\"><div class=\"ectbe-evt-time\"><i class=\"ectbe-icon-clock\"><\/i>8 abril - 17 mayo<\/div><div class=\"ectbe-evt-title\"><a class=\"ectbe-evt-url\" href=\"https:\/\/acpri.cat\/es\/event\/premis-acpri-primera-fase\/\">Premis ACPRI: Primera Fase<\/a><\/div><div class=\"ectbe-evt-more-box\"><a class=\"ectbe-evt-read-more\" href=\"https:\/\/acpri.cat\/es\/event\/premis-acpri-primera-fase\/\">Find out more<\/a><\/div><\/div><\/div><div id=\"event-28963\" class=\"ectbe-inner-wrapper ectbe-simple-event\"><div id=\"ectbe-date\" class=\"ectbe-date-area\">\n\t\t\t\t\t\t<span class=\"ectbe-ev-mo\">May<\/span>\n\t\t\t\t\t\t<span class=\"ectbe-ev-day\">20<\/span>\n\t\t\t\t\t<\/div><div class=\"ectbe-content-box\"><div class=\"ectbe-evt-time\"><i class=\"ectbe-icon-clock\"><\/i>18:30 - 20:00<\/div><div class=\"ectbe-evt-title\"><a class=\"ectbe-evt-url\" href=\"https:\/\/acpri.cat\/es\/event\/visita-al-palau-muntaner-acpri\/\">Visita al Palau Muntaner \u2013 ACPRI<\/a><\/div><div class=\"ectbe-evt-more-box\"><a class=\"ectbe-evt-read-more\" href=\"https:\/\/acpri.cat\/es\/event\/visita-al-palau-muntaner-acpri\/\">Find out more<\/a><\/div><\/div><\/div><div id=\"event-28940\" class=\"ectbe-inner-wrapper ectbe-simple-event\"><div id=\"ectbe-date\" class=\"ectbe-date-area\">\n\t\t\t\t\t\t<span class=\"ectbe-ev-mo\">May<\/span>\n\t\t\t\t\t\t<span class=\"ectbe-ev-day\">21<\/span>\n\t\t\t\t\t<\/div><div class=\"ectbe-content-box\"><div class=\"ectbe-evt-time\"><i class=\"ectbe-icon-clock\"><\/i>21 mayo - 14 junio<\/div><div class=\"ectbe-evt-title\"><a class=\"ectbe-evt-url\" href=\"https:\/\/acpri.cat\/es\/event\/premis-acpri-segona-fase\/\">Premis ACPRI: Segunda fase<\/a><\/div><div class=\"ectbe-evt-more-box\"><a class=\"ectbe-evt-read-more\" href=\"https:\/\/acpri.cat\/es\/event\/premis-acpri-segona-fase\/\">Find out more<\/a><\/div><\/div><\/div><div id=\"event-28949\" class=\"ectbe-inner-wrapper ectbe-simple-event\"><div id=\"ectbe-date\" class=\"ectbe-date-area\">\n\t\t\t\t\t\t<span class=\"ectbe-ev-mo\">Jun<\/span>\n\t\t\t\t\t\t<span class=\"ectbe-ev-day\">18<\/span>\n\t\t\t\t\t<\/div><div class=\"ectbe-content-box\"><div class=\"ectbe-evt-time\"><i class=\"ectbe-icon-clock\"><\/i>18 junio - 8 julio<\/div><div class=\"ectbe-evt-title\"><a class=\"ectbe-evt-url\" href=\"https:\/\/acpri.cat\/es\/event\/premis-acpri-tercera-fase\/\">Premis ACPRI: Tercera Fase<\/a><\/div><div class=\"ectbe-evt-more-box\"><a class=\"ectbe-evt-read-more\" href=\"https:\/\/acpri.cat\/es\/event\/premis-acpri-tercera-fase\/\">Find out more<\/a><\/div><\/div><\/div><\/div>\t\t\t\t<\/div>\n\t\t\t\t<\/div>\n\t\t\t\t\t<\/div>\n\t\t<\/div>\n\t\t\t\t\t<\/div>\n\t\t<\/section>\n\t\t\t\t<div class=\"elementor-element elementor-element-3e4c444 elementor-widget__width-initial elementor--h-position-center elementor--v-position-middle elementor-arrows-position-inside elementor-pagination-position-inside elementor-widget elementor-widget-slides\" data-id=\"3e4c444\" data-element_type=\"widget\" data-e-type=\"widget\" data-settings=\"{&quot;navigation&quot;:&quot;both&quot;,&quot;autoplay&quot;:&quot;yes&quot;,&quot;pause_on_hover&quot;:&quot;yes&quot;,&quot;pause_on_interaction&quot;:&quot;yes&quot;,&quot;autoplay_speed&quot;:5000,&quot;infinite&quot;:&quot;yes&quot;,&quot;transition&quot;:&quot;slide&quot;,&quot;transition_speed&quot;:500}\" data-widget_type=\"slides.default\">\n\t\t\t\t<div class=\"elementor-widget-container\">\n\t\t\t\t\t\t\t\t\t<div class=\"elementor-swiper\">\n\t\t\t\t\t<div class=\"elementor-slides-wrapper elementor-main-swiper swiper\" role=\"region\" aria-roledescription=\"carousel\" aria-label=\"Diapositives\" dir=\"ltr\" data-animation=\"fadeInUp\">\n\t\t\t\t<div class=\"swiper-wrapper elementor-slides\">\n\t\t\t\t\t\t\t\t\t\t<div class=\"elementor-repeater-item-68f94c6 swiper-slide\" role=\"group\" aria-roledescription=\"slide\"><div class=\"swiper-slide-bg\" role=\"img\" aria-label=\"Mesa de trabajo 2 copia\"><\/div><a class=\"swiper-slide-inner\" href=\"https:\/\/acpri.cat\/es\/se-ha-de-evitar-que-la-plaza-de-protocolo-sea-de-libre-designacion\/\"><div class=\"swiper-slide-contents\"><div  class=\"elementor-button elementor-slide-button elementor-size-sm\">Clic aqu\u00ed<\/div><\/div><\/a><\/div><div class=\"elementor-repeater-item-cfff1ea swiper-slide\" role=\"group\" aria-roledescription=\"slide\"><div class=\"swiper-slide-bg\" role=\"img\" aria-label=\"Banners Acpri (9)\"><\/div><div class=\"elementor-background-overlay\"><\/div><a class=\"swiper-slide-inner\" href=\"https:\/\/revistaprotocolo.com\/\" target=\"_blank\"><div class=\"swiper-slide-contents\"><\/div><\/a><\/div><div class=\"elementor-repeater-item-3eefbd6 swiper-slide\" role=\"group\" aria-roledescription=\"slide\"><div class=\"swiper-slide-bg\" role=\"img\" aria-label=\"Banners web_YT ACPRI CAT\"><\/div><div class=\"elementor-background-overlay\"><\/div><a class=\"swiper-slide-inner\" href=\"https:\/\/www.youtube.com\/channel\/UCg1hfC3U6q47al1DLtMP6Cg\/featured\" target=\"_blank\"><div class=\"swiper-slide-contents\"><\/div><\/a><\/div>\t\t\t\t<\/div>\n\t\t\t\t\t\t\t\t\t\t\t\t\t\t\t<div class=\"elementor-swiper-button elementor-swiper-button-prev\" role=\"button\" tabindex=\"0\" aria-label=\"Diapositiva anterior\">\n\t\t\t\t\t\t\t<i aria-hidden=\"true\" class=\"eicon-chevron-left\"><\/i>\t\t\t\t\t\t<\/div>\n\t\t\t\t\t\t<div class=\"elementor-swiper-button elementor-swiper-button-next\" role=\"button\" tabindex=\"0\" aria-label=\"Diapositiva siguiente\">\n\t\t\t\t\t\t\t<i aria-hidden=\"true\" class=\"eicon-chevron-right\"><\/i>\t\t\t\t\t\t<\/div>\n\t\t\t\t\t\t\t\t\t\t\t\t\t\t\t\t<div class=\"swiper-pagination\"><\/div>\n\t\t\t\t\t\t\t\t\t\t\t\t<\/div>\n\t\t\t\t<\/div>\n\t\t\t\t\t\t\t\t<\/div>\n\t\t\t\t<\/div>\n\t\t\t\t\t<\/div>\n\t\t<\/div>\n\t\t\t\t\t<\/div>\n\t\t<\/section>\n\t\t\t\t<section class=\"elementor-section elementor-top-section elementor-element elementor-element-b28ed77 elementor-section-stretched elementor-section-boxed elementor-section-height-default elementor-section-height-default\" data-id=\"b28ed77\" data-element_type=\"section\" data-e-type=\"section\" data-settings=\"{&quot;stretch_section&quot;:&quot;section-stretched&quot;,&quot;background_background&quot;:&quot;classic&quot;}\">\n\t\t\t\t\t\t<div class=\"elementor-container elementor-column-gap-default\">\n\t\t\t\t\t<div class=\"elementor-column elementor-col-100 elementor-top-column elementor-element elementor-element-7309497\" data-id=\"7309497\" data-element_type=\"column\" data-e-type=\"column\">\n\t\t\t<div class=\"elementor-widget-wrap elementor-element-populated\">\n\t\t\t\t\t\t<section class=\"elementor-section elementor-inner-section elementor-element elementor-element-750cf76 elementor-section-boxed elementor-section-height-default elementor-section-height-default\" data-id=\"750cf76\" data-element_type=\"section\" data-e-type=\"section\">\n\t\t\t\t\t\t<div class=\"elementor-container elementor-column-gap-default\">\n\t\t\t\t\t<div class=\"elementor-column elementor-col-33 elementor-inner-column elementor-element elementor-element-8b0abf1\" data-id=\"8b0abf1\" data-element_type=\"column\" data-e-type=\"column\" data-settings=\"{&quot;background_background&quot;:&quot;classic&quot;}\">\n\t\t\t<div class=\"elementor-widget-wrap elementor-element-populated\">\n\t\t\t\t\t\t<div class=\"elementor-element elementor-element-9a65bb7 elementor-widget elementor-widget-heading\" data-id=\"9a65bb7\" data-element_type=\"widget\" data-e-type=\"widget\" data-widget_type=\"heading.default\">\n\t\t\t\t<div class=\"elementor-widget-container\">\n\t\t\t\t\t<h2 class=\"elementor-heading-title elementor-size-default\">\u00bfQu\u00e9 es ACPRI?<\/h2>\t\t\t\t<\/div>\n\t\t\t\t<\/div>\n\t\t\t\t<div class=\"elementor-element elementor-element-4229fd2 elementor-widget elementor-widget-text-editor\" data-id=\"4229fd2\" data-element_type=\"widget\" data-e-type=\"widget\" data-widget_type=\"text-editor.default\">\n\t\t\t\t<div class=\"elementor-widget-container\">\n\t\t\t\t\t\t\t\t\t<p>Conoce nuestra actividad, nuestra visi\u00f3n, misi\u00f3n y valores, los estatutos, la junta directiva y mucho m\u00e1s.<\/p>\n\t\t\t\t\t\t\t\t<\/div>\n\t\t\t\t<\/div>\n\t\t\t\t<div class=\"elementor-element elementor-element-bec320a elementor-widget elementor-widget-button\" data-id=\"bec320a\" data-element_type=\"widget\" data-e-type=\"widget\" data-widget_type=\"button.default\">\n\t\t\t\t<div class=\"elementor-widget-container\">\n\t\t\t\t\t\t\t\t\t<div class=\"elementor-button-wrapper\">\n\t\t\t\t\t<a class=\"elementor-button elementor-button-link elementor-size-sm\" href=\"https:\/\/acpri.cat\/acpri\/qui-som\/\">\n\t\t\t\t\t\t<span class=\"elementor-button-content-wrapper\">\n\t\t\t\t\t\t\t\t\t<span class=\"elementor-button-text\">M\u00e1s informaci\u00f3n<\/span>\n\t\t\t\t\t<\/span>\n\t\t\t\t\t<\/a>\n\t\t\t\t<\/div>\n\t\t\t\t\t\t\t\t<\/div>\n\t\t\t\t<\/div>\n\t\t\t\t\t<\/div>\n\t\t<\/div>\n\t\t\t\t<div class=\"elementor-column elementor-col-33 elementor-inner-column elementor-element elementor-element-1f531f9\" data-id=\"1f531f9\" data-element_type=\"column\" data-e-type=\"column\" data-settings=\"{&quot;background_background&quot;:&quot;classic&quot;}\">\n\t\t\t<div class=\"elementor-widget-wrap elementor-element-populated\">\n\t\t\t\t\t\t<div class=\"elementor-element elementor-element-297ae2c elementor-widget elementor-widget-heading\" data-id=\"297ae2c\" data-element_type=\"widget\" data-e-type=\"widget\" data-widget_type=\"heading.default\">\n\t\t\t\t<div class=\"elementor-widget-container\">\n\t\t\t\t\t<h2 class=\"elementor-heading-title elementor-size-default\">Objetivos<\/h2>\t\t\t\t<\/div>\n\t\t\t\t<\/div>\n\t\t\t\t<div class=\"elementor-element elementor-element-3cc1b43 elementor-widget elementor-widget-text-editor\" data-id=\"3cc1b43\" data-element_type=\"widget\" data-e-type=\"widget\" data-widget_type=\"text-editor.default\">\n\t\t\t\t<div class=\"elementor-widget-container\">\n\t\t\t\t\t\t\t\t\t<p>ACPRI te ayuda em tu trabajo diario relacionado con el protocolo. conoce los objetivos de la asocaici\u00f3n<\/p>\n\t\t\t\t\t\t\t\t<\/div>\n\t\t\t\t<\/div>\n\t\t\t\t<div class=\"elementor-element elementor-element-a92239e elementor-widget elementor-widget-button\" data-id=\"a92239e\" data-element_type=\"widget\" data-e-type=\"widget\" data-widget_type=\"button.default\">\n\t\t\t\t<div class=\"elementor-widget-container\">\n\t\t\t\t\t\t\t\t\t<div class=\"elementor-button-wrapper\">\n\t\t\t\t\t<a class=\"elementor-button elementor-button-link elementor-size-sm\" href=\"https:\/\/acpri.cat\/es\/acpri\/la-asociacion\/\">\n\t\t\t\t\t\t<span class=\"elementor-button-content-wrapper\">\n\t\t\t\t\t\t\t\t\t<span class=\"elementor-button-text\">M\u00e1s informaci\u00f3n<\/span>\n\t\t\t\t\t<\/span>\n\t\t\t\t\t<\/a>\n\t\t\t\t<\/div>\n\t\t\t\t\t\t\t\t<\/div>\n\t\t\t\t<\/div>\n\t\t\t\t\t<\/div>\n\t\t<\/div>\n\t\t\t\t<div class=\"elementor-column elementor-col-33 elementor-inner-column elementor-element elementor-element-2c9ebfa\" data-id=\"2c9ebfa\" data-element_type=\"column\" data-e-type=\"column\" data-settings=\"{&quot;background_background&quot;:&quot;classic&quot;}\">\n\t\t\t<div class=\"elementor-widget-wrap elementor-element-populated\">\n\t\t\t\t\t\t<div class=\"elementor-element elementor-element-65833b3 elementor-widget elementor-widget-heading\" data-id=\"65833b3\" data-element_type=\"widget\" data-e-type=\"widget\" data-widget_type=\"heading.default\">\n\t\t\t\t<div class=\"elementor-widget-container\">\n\t\t\t\t\t<h2 class=\"elementor-heading-title elementor-size-default\">\u00d3rganos de gobierno<\/h2>\t\t\t\t<\/div>\n\t\t\t\t<\/div>\n\t\t\t\t<div class=\"elementor-element elementor-element-9bc2a5a elementor-widget elementor-widget-text-editor\" data-id=\"9bc2a5a\" data-element_type=\"widget\" data-e-type=\"widget\" data-widget_type=\"text-editor.default\">\n\t\t\t\t<div class=\"elementor-widget-container\">\n\t\t\t\t\t\t\t\t\t<p>\u00bfC\u00f3mo funciona la asocaici\u00f3n? Conoce los \u00f3rganos de gobierno y la manera de gestionar ACPRI.<\/p>\n\t\t\t\t\t\t\t\t<\/div>\n\t\t\t\t<\/div>\n\t\t\t\t<div class=\"elementor-element elementor-element-71c4a0c elementor-widget elementor-widget-button\" data-id=\"71c4a0c\" data-element_type=\"widget\" data-e-type=\"widget\" data-widget_type=\"button.default\">\n\t\t\t\t<div class=\"elementor-widget-container\">\n\t\t\t\t\t\t\t\t\t<div class=\"elementor-button-wrapper\">\n\t\t\t\t\t<a class=\"elementor-button elementor-button-link elementor-size-sm\" href=\"https:\/\/acpri.cat\/es\/acpri\/organos-de-gobierno\/\">\n\t\t\t\t\t\t<span class=\"elementor-button-content-wrapper\">\n\t\t\t\t\t\t\t\t\t<span class=\"elementor-button-text\">M\u00e1s informaci\u00f3n<\/span>\n\t\t\t\t\t<\/span>\n\t\t\t\t\t<\/a>\n\t\t\t\t<\/div>\n\t\t\t\t\t\t\t\t<\/div>\n\t\t\t\t<\/div>\n\t\t\t\t\t<\/div>\n\t\t<\/div>\n\t\t\t\t\t<\/div>\n\t\t<\/section>\n\t\t\t\t<section class=\"elementor-section elementor-inner-section elementor-element elementor-element-8af898a elementor-section-boxed elementor-section-height-default elementor-section-height-default\" data-id=\"8af898a\" data-element_type=\"section\" data-e-type=\"section\">\n\t\t\t\t\t\t<div class=\"elementor-container elementor-column-gap-default\">\n\t\t\t\t\t<div class=\"elementor-column elementor-col-33 elementor-inner-column elementor-element elementor-element-b9b40c4\" data-id=\"b9b40c4\" data-element_type=\"column\" data-e-type=\"column\" data-settings=\"{&quot;background_background&quot;:&quot;classic&quot;}\">\n\t\t\t<div class=\"elementor-widget-wrap elementor-element-populated\">\n\t\t\t\t\t\t<div class=\"elementor-element elementor-element-63a2a0a elementor-widget elementor-widget-heading\" data-id=\"63a2a0a\" data-element_type=\"widget\" data-e-type=\"widget\" data-widget_type=\"heading.default\">\n\t\t\t\t<div class=\"elementor-widget-container\">\n\t\t\t\t\t<h2 class=\"elementor-heading-title elementor-size-default\">L\u00edneas de trabajo<\/h2>\t\t\t\t<\/div>\n\t\t\t\t<\/div>\n\t\t\t\t<div class=\"elementor-element elementor-element-331e39d elementor-widget elementor-widget-text-editor\" data-id=\"331e39d\" data-element_type=\"widget\" data-e-type=\"widget\" data-widget_type=\"text-editor.default\">\n\t\t\t\t<div class=\"elementor-widget-container\">\n\t\t\t\t\t\t\t\t\t<p>La Asociaci\u00f3n funciona con l\u00edneas de trabajo. Descubre c\u00f3mo trabajamos.<\/p>\n\t\t\t\t\t\t\t\t<\/div>\n\t\t\t\t<\/div>\n\t\t\t\t<div class=\"elementor-element elementor-element-83c76ba elementor-widget elementor-widget-button\" data-id=\"83c76ba\" data-element_type=\"widget\" data-e-type=\"widget\" data-widget_type=\"button.default\">\n\t\t\t\t<div class=\"elementor-widget-container\">\n\t\t\t\t\t\t\t\t\t<div class=\"elementor-button-wrapper\">\n\t\t\t\t\t<a class=\"elementor-button elementor-button-link elementor-size-sm\" href=\"https:\/\/acpri.cat\/es\/lineas-de-trabajo\/\">\n\t\t\t\t\t\t<span class=\"elementor-button-content-wrapper\">\n\t\t\t\t\t\t\t\t\t<span class=\"elementor-button-text\">M\u00e1s informaci\u00f3n.<\/span>\n\t\t\t\t\t<\/span>\n\t\t\t\t\t<\/a>\n\t\t\t\t<\/div>\n\t\t\t\t\t\t\t\t<\/div>\n\t\t\t\t<\/div>\n\t\t\t\t\t<\/div>\n\t\t<\/div>\n\t\t\t\t<div class=\"elementor-column elementor-col-33 elementor-inner-column elementor-element elementor-element-52ddcbc\" data-id=\"52ddcbc\" data-element_type=\"column\" data-e-type=\"column\" data-settings=\"{&quot;background_background&quot;:&quot;classic&quot;}\">\n\t\t\t<div class=\"elementor-widget-wrap elementor-element-populated\">\n\t\t\t\t\t\t<div class=\"elementor-element elementor-element-c8f4d43 elementor-widget elementor-widget-heading\" data-id=\"c8f4d43\" data-element_type=\"widget\" data-e-type=\"widget\" data-widget_type=\"heading.default\">\n\t\t\t\t<div class=\"elementor-widget-container\">\n\t\t\t\t\t<h2 class=\"elementor-heading-title elementor-size-default\">Agenda<\/h2>\t\t\t\t<\/div>\n\t\t\t\t<\/div>\n\t\t\t\t<div class=\"elementor-element elementor-element-03bda13 elementor-widget elementor-widget-text-editor\" data-id=\"03bda13\" data-element_type=\"widget\" data-e-type=\"widget\" data-widget_type=\"text-editor.default\">\n\t\t\t\t<div class=\"elementor-widget-container\">\n\t\t\t\t\t\t\t\t\t<p>La asociaci\u00f3n promueve y organiza actos relacionados con el protocolo. Consulta nuestra agenda.<\/p>\n\t\t\t\t\t\t\t\t<\/div>\n\t\t\t\t<\/div>\n\t\t\t\t<div class=\"elementor-element elementor-element-8d22e28 elementor-widget elementor-widget-button\" data-id=\"8d22e28\" data-element_type=\"widget\" data-e-type=\"widget\" data-widget_type=\"button.default\">\n\t\t\t\t<div class=\"elementor-widget-container\">\n\t\t\t\t\t\t\t\t\t<div class=\"elementor-button-wrapper\">\n\t\t\t\t\t<a class=\"elementor-button elementor-size-sm\" role=\"button\">\n\t\t\t\t\t\t<span class=\"elementor-button-content-wrapper\">\n\t\t\t\t\t\t\t\t\t<span class=\"elementor-button-text\">M\u00e1s informaci\u00f3n<\/span>\n\t\t\t\t\t<\/span>\n\t\t\t\t\t<\/a>\n\t\t\t\t<\/div>\n\t\t\t\t\t\t\t\t<\/div>\n\t\t\t\t<\/div>\n\t\t\t\t\t<\/div>\n\t\t<\/div>\n\t\t\t\t<div class=\"elementor-column elementor-col-33 elementor-inner-column elementor-element elementor-element-4c44ed8\" data-id=\"4c44ed8\" data-element_type=\"column\" data-e-type=\"column\" data-settings=\"{&quot;background_background&quot;:&quot;classic&quot;}\">\n\t\t\t<div class=\"elementor-widget-wrap elementor-element-populated\">\n\t\t\t\t\t\t<div class=\"elementor-element elementor-element-5a26433 elementor-widget elementor-widget-heading\" data-id=\"5a26433\" data-element_type=\"widget\" data-e-type=\"widget\" data-widget_type=\"heading.default\">\n\t\t\t\t<div class=\"elementor-widget-container\">\n\t\t\t\t\t<h2 class=\"elementor-heading-title elementor-size-default\">As\u00f3ciate<\/h2>\t\t\t\t<\/div>\n\t\t\t\t<\/div>\n\t\t\t\t<div class=\"elementor-element elementor-element-96440d0 elementor-widget elementor-widget-text-editor\" data-id=\"96440d0\" data-element_type=\"widget\" data-e-type=\"widget\" data-widget_type=\"text-editor.default\">\n\t\t\t\t<div class=\"elementor-widget-container\">\n\t\t\t\t\t\t\t\t\t<p>Ser socio de ACPRI ofrece una ventana de posibilidades muy amplias. Si trabajas en el protocolo, as\u00f3ciate.<\/p>\n\t\t\t\t\t\t\t\t<\/div>\n\t\t\t\t<\/div>\n\t\t\t\t<div class=\"elementor-element elementor-element-41f2251 elementor-widget elementor-widget-button\" data-id=\"41f2251\" data-element_type=\"widget\" data-e-type=\"widget\" data-widget_type=\"button.default\">\n\t\t\t\t<div class=\"elementor-widget-container\">\n\t\t\t\t\t\t\t\t\t<div class=\"elementor-button-wrapper\">\n\t\t\t\t\t<a class=\"elementor-button elementor-button-link elementor-size-sm\" href=\"https:\/\/acpri.cat\/es\/asociate\/\">\n\t\t\t\t\t\t<span class=\"elementor-button-content-wrapper\">\n\t\t\t\t\t\t\t\t\t<span class=\"elementor-button-text\">M\u00e1s informaci\u00f3n<\/span>\n\t\t\t\t\t<\/span>\n\t\t\t\t\t<\/a>\n\t\t\t\t<\/div>\n\t\t\t\t\t\t\t\t<\/div>\n\t\t\t\t<\/div>\n\t\t\t\t\t<\/div>\n\t\t<\/div>\n\t\t\t\t\t<\/div>\n\t\t<\/section>\n\t\t\t\t\t<\/div>\n\t\t<\/div>\n\t\t\t\t\t<\/div>\n\t\t<\/section>\n\t\t\t\t<section class=\"elementor-section elementor-top-section elementor-element elementor-element-f333d9b elementor-section-boxed elementor-section-height-default elementor-section-height-default\" data-id=\"f333d9b\" data-element_type=\"section\" data-e-type=\"section\">\n\t\t\t\t\t\t<div class=\"elementor-container elementor-column-gap-default\">\n\t\t\t\t\t<div class=\"elementor-column elementor-col-100 elementor-top-column elementor-element elementor-element-8daaf8f\" data-id=\"8daaf8f\" data-element_type=\"column\" data-e-type=\"column\">\n\t\t\t<div class=\"elementor-widget-wrap elementor-element-populated\">\n\t\t\t\t\t\t<div class=\"elementor-element elementor-element-1d4ae6b elementor-grid-4 elementor-grid-tablet-2 elementor-grid-mobile-1 elementor-posts--thumbnail-top elementor-card-shadow-yes elementor-posts__hover-gradient elementor-widget elementor-widget-posts\" data-id=\"1d4ae6b\" data-element_type=\"widget\" data-e-type=\"widget\" data-settings=\"{&quot;cards_columns&quot;:&quot;4&quot;,&quot;cards_row_gap&quot;:{&quot;unit&quot;:&quot;px&quot;,&quot;size&quot;:37,&quot;sizes&quot;:[]},&quot;cards_columns_tablet&quot;:&quot;2&quot;,&quot;cards_columns_mobile&quot;:&quot;1&quot;,&quot;cards_row_gap_tablet&quot;:{&quot;unit&quot;:&quot;px&quot;,&quot;size&quot;:&quot;&quot;,&quot;sizes&quot;:[]},&quot;cards_row_gap_mobile&quot;:{&quot;unit&quot;:&quot;px&quot;,&quot;size&quot;:&quot;&quot;,&quot;sizes&quot;:[]}}\" data-widget_type=\"posts.cards\">\n\t\t\t\t<div class=\"elementor-widget-container\">\n\t\t\t\t\t\t\t<div class=\"elementor-posts-container elementor-posts elementor-posts--skin-cards elementor-grid\" role=\"list\">\n\t\t\t\t<article class=\"elementor-post elementor-grid-item post-28915 post type-post status-publish format-standard has-post-thumbnail hentry category-noticies-es\" role=\"listitem\">\n\t\t\t<div class=\"elementor-post__card\">\n\t\t\t\t<a class=\"elementor-post__thumbnail__link\" href=\"https:\/\/acpri.cat\/es\/acpri-asiste-al-concierto-de-la-sinfonica-de-sant-cugat-en-el-palau-de-la-musica\/\" tabindex=\"-1\" target=\"_blank\"><div class=\"elementor-post__thumbnail\"><img decoding=\"async\" width=\"240\" height=\"300\" src=\"https:\/\/acpri.cat\/wp-content\/uploads\/2026\/04\/57084693519672239207433538770998380605011125n-1-240x300.jpg\" class=\"attachment-medium size-medium wp-image-28914\" alt=\"570846935 1967223920743353 8770998380605011125 N (1)\" srcset=\"https:\/\/acpri.cat\/wp-content\/uploads\/2026\/04\/57084693519672239207433538770998380605011125n-1-240x300.jpg 240w, https:\/\/acpri.cat\/wp-content\/uploads\/2026\/04\/57084693519672239207433538770998380605011125n-1-768x960.jpg 768w, https:\/\/acpri.cat\/wp-content\/uploads\/2026\/04\/57084693519672239207433538770998380605011125n-1.jpg 819w\" sizes=\"(max-width: 240px) 100vw, 240px\" \/><\/div><\/a>\n\t\t\t\t<div class=\"elementor-post__badge\">Not\u00edcies<\/div>\n\t\t\t\t<div class=\"elementor-post__text\">\n\t\t\t\t<h3 class=\"elementor-post__title\">\n\t\t\t<a href=\"https:\/\/acpri.cat\/es\/acpri-asiste-al-concierto-de-la-sinfonica-de-sant-cugat-en-el-palau-de-la-musica\/\" target=&quot;_blank&quot;>\n\t\t\t\tACPRI asiste al concierto de la Sinf\u00f3nica de Sant Cugat en el Palau de la M\u00fasica\t\t\t<\/a>\n\t\t<\/h3>\n\t\t\t\t<\/div>\n\t\t\t\t<div class=\"elementor-post__meta-data\">\n\t\t\t\t\t<span class=\"elementor-post-date\">\n\t\t\t16 de abril de 2026\t\t<\/span>\n\t\t\t\t<\/div>\n\t\t\t\t\t<\/div>\n\t\t<\/article>\n\t\t\t\t<article class=\"elementor-post elementor-grid-item post-28863 post type-post status-publish format-standard has-post-thumbnail hentry category-noticies-es\" role=\"listitem\">\n\t\t\t<div class=\"elementor-post__card\">\n\t\t\t\t<a class=\"elementor-post__thumbnail__link\" href=\"https:\/\/acpri.cat\/es\/charla-acpri-xavier-purcalla-comunicar-lo-inacabable\/\" tabindex=\"-1\" target=\"_blank\"><div class=\"elementor-post__thumbnail\"><img loading=\"lazy\" decoding=\"async\" width=\"300\" height=\"300\" src=\"https:\/\/acpri.cat\/wp-content\/uploads\/2026\/04\/dayketing-acpri-2026-52-300x300.jpg\" class=\"attachment-medium size-medium wp-image-28867\" alt=\"Dayketing Acpri 2026 (52)\" srcset=\"https:\/\/acpri.cat\/wp-content\/uploads\/2026\/04\/dayketing-acpri-2026-52-300x300.jpg 300w, https:\/\/acpri.cat\/wp-content\/uploads\/2026\/04\/dayketing-acpri-2026-52-150x150.jpg 150w, https:\/\/acpri.cat\/wp-content\/uploads\/2026\/04\/dayketing-acpri-2026-52-768x768.jpg 768w, https:\/\/acpri.cat\/wp-content\/uploads\/2026\/04\/dayketing-acpri-2026-52.jpg 1024w\" sizes=\"(max-width: 300px) 100vw, 300px\" \/><\/div><\/a>\n\t\t\t\t<div class=\"elementor-post__badge\">Not\u00edcies<\/div>\n\t\t\t\t<div class=\"elementor-post__text\">\n\t\t\t\t<h3 class=\"elementor-post__title\">\n\t\t\t<a href=\"https:\/\/acpri.cat\/es\/charla-acpri-xavier-purcalla-comunicar-lo-inacabable\/\" target=&quot;_blank&quot;>\n\t\t\t\tCharla ACPRI &#8211; Xavier Purcall\u00e0: Comunicar lo inacabable\t\t\t<\/a>\n\t\t<\/h3>\n\t\t\t\t<\/div>\n\t\t\t\t<div class=\"elementor-post__meta-data\">\n\t\t\t\t\t<span class=\"elementor-post-date\">\n\t\t\t7 de abril de 2026\t\t<\/span>\n\t\t\t\t<\/div>\n\t\t\t\t\t<\/div>\n\t\t<\/article>\n\t\t\t\t<article class=\"elementor-post elementor-grid-item post-28696 post type-post status-publish format-standard has-post-thumbnail hentry category-noticies-es\" role=\"listitem\">\n\t\t\t<div class=\"elementor-post__card\">\n\t\t\t\t<a class=\"elementor-post__thumbnail__link\" href=\"https:\/\/acpri.cat\/es\/charla-acpri-carol-marquez-el-futur-del-catering\/\" tabindex=\"-1\" target=\"_blank\"><div class=\"elementor-post__thumbnail\"><img loading=\"lazy\" decoding=\"async\" width=\"300\" height=\"300\" src=\"https:\/\/acpri.cat\/wp-content\/uploads\/2026\/03\/dayketing-acpri-2026-39-300x300.jpg\" class=\"attachment-medium size-medium wp-image-28698\" alt=\"Dayketing Acpri 2026 (39)\" srcset=\"https:\/\/acpri.cat\/wp-content\/uploads\/2026\/03\/dayketing-acpri-2026-39-300x300.jpg 300w, https:\/\/acpri.cat\/wp-content\/uploads\/2026\/03\/dayketing-acpri-2026-39-150x150.jpg 150w, https:\/\/acpri.cat\/wp-content\/uploads\/2026\/03\/dayketing-acpri-2026-39-768x768.jpg 768w, https:\/\/acpri.cat\/wp-content\/uploads\/2026\/03\/dayketing-acpri-2026-39.jpg 1024w\" sizes=\"(max-width: 300px) 100vw, 300px\" \/><\/div><\/a>\n\t\t\t\t<div class=\"elementor-post__badge\">Not\u00edcies<\/div>\n\t\t\t\t<div class=\"elementor-post__text\">\n\t\t\t\t<h3 class=\"elementor-post__title\">\n\t\t\t<a href=\"https:\/\/acpri.cat\/es\/charla-acpri-carol-marquez-el-futur-del-catering\/\" target=&quot;_blank&quot;>\n\t\t\t\tCharla ACPRI &#8211; Carol M\u00e1rquez: El futuro del catering\t\t\t<\/a>\n\t\t<\/h3>\n\t\t\t\t<\/div>\n\t\t\t\t<div class=\"elementor-post__meta-data\">\n\t\t\t\t\t<span class=\"elementor-post-date\">\n\t\t\t17 de marzo de 2026\t\t<\/span>\n\t\t\t\t<\/div>\n\t\t\t\t\t<\/div>\n\t\t<\/article>\n\t\t\t\t<article class=\"elementor-post elementor-grid-item post-28685 post type-post status-publish format-standard has-post-thumbnail hentry category-noticies-es\" role=\"listitem\">\n\t\t\t<div class=\"elementor-post__card\">\n\t\t\t\t<a class=\"elementor-post__thumbnail__link\" href=\"https:\/\/acpri.cat\/es\/asamblea-2026-a-lleida\/\" tabindex=\"-1\" target=\"_blank\"><div class=\"elementor-post__thumbnail\"><img loading=\"lazy\" decoding=\"async\" width=\"300\" height=\"225\" src=\"https:\/\/acpri.cat\/wp-content\/uploads\/2026\/03\/whatsapp-image-2026-03-14-at-125835-300x225.jpeg\" class=\"attachment-medium size-medium wp-image-28684\" alt=\"Whatsapp Image 2026 03 14 At 12.58.35\" srcset=\"https:\/\/acpri.cat\/wp-content\/uploads\/2026\/03\/whatsapp-image-2026-03-14-at-125835-300x225.jpeg 300w, https:\/\/acpri.cat\/wp-content\/uploads\/2026\/03\/whatsapp-image-2026-03-14-at-125835-768x576.jpeg 768w, https:\/\/acpri.cat\/wp-content\/uploads\/2026\/03\/whatsapp-image-2026-03-14-at-125835.jpeg 1024w\" sizes=\"(max-width: 300px) 100vw, 300px\" \/><\/div><\/a>\n\t\t\t\t<div class=\"elementor-post__badge\">Not\u00edcies<\/div>\n\t\t\t\t<div class=\"elementor-post__text\">\n\t\t\t\t<h3 class=\"elementor-post__title\">\n\t\t\t<a href=\"https:\/\/acpri.cat\/es\/asamblea-2026-a-lleida\/\" target=&quot;_blank&quot;>\n\t\t\t\tAsamblea 2026 en Lleida\t\t\t<\/a>\n\t\t<\/h3>\n\t\t\t\t<\/div>\n\t\t\t\t<div class=\"elementor-post__meta-data\">\n\t\t\t\t\t<span class=\"elementor-post-date\">\n\t\t\t16 de marzo de 2026\t\t<\/span>\n\t\t\t\t<\/div>\n\t\t\t\t\t<\/div>\n\t\t<\/article>\n\t\t\t\t<article class=\"elementor-post elementor-grid-item post-28543 post type-post status-publish format-standard has-post-thumbnail hentry category-noticies-es\" role=\"listitem\">\n\t\t\t<div class=\"elementor-post__card\">\n\t\t\t\t<a class=\"elementor-post__thumbnail__link\" href=\"https:\/\/acpri.cat\/es\/acpri-present-a-la-v-trobada-professional-al-sud-de-lacrp-un-espai-daprenentatge-i-bones-practiques-en-protocol\/\" tabindex=\"-1\" target=\"_blank\"><div class=\"elementor-post__thumbnail\"><img loading=\"lazy\" decoding=\"async\" width=\"300\" height=\"225\" src=\"https:\/\/acpri.cat\/wp-content\/uploads\/2026\/03\/whatsapp-image-2026-03-05-at-152807-300x225.jpeg\" class=\"attachment-medium size-medium wp-image-28576\" alt=\"Whatsapp Image 2026 03 05 At 15.28.07\" srcset=\"https:\/\/acpri.cat\/wp-content\/uploads\/2026\/03\/whatsapp-image-2026-03-05-at-152807-300x225.jpeg 300w, https:\/\/acpri.cat\/wp-content\/uploads\/2026\/03\/whatsapp-image-2026-03-05-at-152807-768x576.jpeg 768w, https:\/\/acpri.cat\/wp-content\/uploads\/2026\/03\/whatsapp-image-2026-03-05-at-152807.jpeg 1024w\" sizes=\"(max-width: 300px) 100vw, 300px\" \/><\/div><\/a>\n\t\t\t\t<div class=\"elementor-post__badge\">Not\u00edcies<\/div>\n\t\t\t\t<div class=\"elementor-post__text\">\n\t\t\t\t<h3 class=\"elementor-post__title\">\n\t\t\t<a href=\"https:\/\/acpri.cat\/es\/acpri-present-a-la-v-trobada-professional-al-sud-de-lacrp-un-espai-daprenentatge-i-bones-practiques-en-protocol\/\" target=&quot;_blank&quot;>\n\t\t\t\tACPRI\u00a0presente en el V Encuentro Profesional en el Sur de ACRP, un espacio de aprendizaje y buenas pr\u00e1cticas en protocolo\t\t\t<\/a>\n\t\t<\/h3>\n\t\t\t\t<\/div>\n\t\t\t\t<div class=\"elementor-post__meta-data\">\n\t\t\t\t\t<span class=\"elementor-post-date\">\n\t\t\t9 de marzo de 2026\t\t<\/span>\n\t\t\t\t<\/div>\n\t\t\t\t\t<\/div>\n\t\t<\/article>\n\t\t\t\t<article class=\"elementor-post elementor-grid-item post-28527 post type-post status-publish format-standard has-post-thumbnail hentry category-noticies-es\" role=\"listitem\">\n\t\t\t<div class=\"elementor-post__card\">\n\t\t\t\t<a class=\"elementor-post__thumbnail__link\" href=\"https:\/\/acpri.cat\/es\/carlos-fuente-lafuente-nuevo-presidente-del-observatorio-profesional-de-protocolo-y-eventos\/\" tabindex=\"-1\" target=\"_blank\"><div class=\"elementor-post__thumbnail\"><img loading=\"lazy\" decoding=\"async\" width=\"300\" height=\"184\" src=\"https:\/\/acpri.cat\/wp-content\/uploads\/2026\/03\/1772614469278-300x184.jpg\" class=\"attachment-medium size-medium wp-image-28526\" alt=\"1772614469278\" srcset=\"https:\/\/acpri.cat\/wp-content\/uploads\/2026\/03\/1772614469278-300x184.jpg 300w, https:\/\/acpri.cat\/wp-content\/uploads\/2026\/03\/1772614469278-768x471.jpg 768w, https:\/\/acpri.cat\/wp-content\/uploads\/2026\/03\/1772614469278.jpg 800w\" sizes=\"(max-width: 300px) 100vw, 300px\" \/><\/div><\/a>\n\t\t\t\t<div class=\"elementor-post__badge\">Not\u00edcies<\/div>\n\t\t\t\t<div class=\"elementor-post__text\">\n\t\t\t\t<h3 class=\"elementor-post__title\">\n\t\t\t<a href=\"https:\/\/acpri.cat\/es\/carlos-fuente-lafuente-nuevo-presidente-del-observatorio-profesional-de-protocolo-y-eventos\/\" target=&quot;_blank&quot;>\n\t\t\t\tCarlos Fuente Lafuente, nuevo presidente del Observatorio Profesional de Protocolo y Eventos\t\t\t<\/a>\n\t\t<\/h3>\n\t\t\t\t<\/div>\n\t\t\t\t<div class=\"elementor-post__meta-data\">\n\t\t\t\t\t<span class=\"elementor-post-date\">\n\t\t\t6 de marzo de 2026\t\t<\/span>\n\t\t\t\t<\/div>\n\t\t\t\t\t<\/div>\n\t\t<\/article>\n\t\t\t\t<article class=\"elementor-post elementor-grid-item post-28476 post type-post status-publish format-standard has-post-thumbnail hentry category-noticies-es\" role=\"listitem\">\n\t\t\t<div class=\"elementor-post__card\">\n\t\t\t\t<a class=\"elementor-post__thumbnail__link\" href=\"https:\/\/acpri.cat\/es\/charla-acpri-buena-vida-simple-carles-sanchez-2\/\" tabindex=\"-1\" target=\"_blank\"><div class=\"elementor-post__thumbnail\"><img loading=\"lazy\" decoding=\"async\" width=\"300\" height=\"300\" src=\"https:\/\/acpri.cat\/wp-content\/uploads\/2026\/03\/dayketing-acpri-2026-22-300x300.jpg\" class=\"attachment-medium size-medium wp-image-28481\" alt=\"Dayketing Acpri 2026 (22)\" srcset=\"https:\/\/acpri.cat\/wp-content\/uploads\/2026\/03\/dayketing-acpri-2026-22-300x300.jpg 300w, https:\/\/acpri.cat\/wp-content\/uploads\/2026\/03\/dayketing-acpri-2026-22-150x150.jpg 150w, https:\/\/acpri.cat\/wp-content\/uploads\/2026\/03\/dayketing-acpri-2026-22-768x768.jpg 768w, https:\/\/acpri.cat\/wp-content\/uploads\/2026\/03\/dayketing-acpri-2026-22.jpg 1024w\" sizes=\"(max-width: 300px) 100vw, 300px\" \/><\/div><\/a>\n\t\t\t\t<div class=\"elementor-post__badge\">Not\u00edcies<\/div>\n\t\t\t\t<div class=\"elementor-post__text\">\n\t\t\t\t<h3 class=\"elementor-post__title\">\n\t\t\t<a href=\"https:\/\/acpri.cat\/es\/charla-acpri-buena-vida-simple-carles-sanchez-2\/\" target=&quot;_blank&quot;>\n\t\t\t\tCharla ACPRI  &#8211; Buena Vida Simple, Carles S\u00e1nchez\t\t\t<\/a>\n\t\t<\/h3>\n\t\t\t\t<\/div>\n\t\t\t\t<div class=\"elementor-post__meta-data\">\n\t\t\t\t\t<span class=\"elementor-post-date\">\n\t\t\t3 de marzo de 2026\t\t<\/span>\n\t\t\t\t<\/div>\n\t\t\t\t\t<\/div>\n\t\t<\/article>\n\t\t\t\t<article class=\"elementor-post elementor-grid-item post-28221 post type-post status-publish format-standard has-post-thumbnail hentry category-noticies-es\" role=\"listitem\">\n\t\t\t<div class=\"elementor-post__card\">\n\t\t\t\t<a class=\"elementor-post__thumbnail__link\" href=\"https:\/\/acpri.cat\/es\/charla-acpri-buena-vida-simple-carles-sanchez\/\" tabindex=\"-1\" target=\"_blank\"><div class=\"elementor-post__thumbnail\"><img loading=\"lazy\" decoding=\"async\" width=\"300\" height=\"300\" src=\"https:\/\/acpri.cat\/wp-content\/uploads\/2026\/02\/dayketing-acpri-2026-16-300x300.jpg\" class=\"attachment-medium size-medium wp-image-28223\" alt=\"Dayketing Acpri 2026 (16)\" srcset=\"https:\/\/acpri.cat\/wp-content\/uploads\/2026\/02\/dayketing-acpri-2026-16-300x300.jpg 300w, https:\/\/acpri.cat\/wp-content\/uploads\/2026\/02\/dayketing-acpri-2026-16-150x150.jpg 150w, https:\/\/acpri.cat\/wp-content\/uploads\/2026\/02\/dayketing-acpri-2026-16-768x768.jpg 768w, https:\/\/acpri.cat\/wp-content\/uploads\/2026\/02\/dayketing-acpri-2026-16.jpg 1024w\" sizes=\"(max-width: 300px) 100vw, 300px\" \/><\/div><\/a>\n\t\t\t\t<div class=\"elementor-post__badge\">Not\u00edcies<\/div>\n\t\t\t\t<div class=\"elementor-post__text\">\n\t\t\t\t<h3 class=\"elementor-post__title\">\n\t\t\t<a href=\"https:\/\/acpri.cat\/es\/charla-acpri-buena-vida-simple-carles-sanchez\/\" target=&quot;_blank&quot;>\n\t\t\t\tCharla ACPRI  &#8211; Buena Vida Simple, Carles S\u00e1nchez\t\t\t<\/a>\n\t\t<\/h3>\n\t\t\t\t<\/div>\n\t\t\t\t<div class=\"elementor-post__meta-data\">\n\t\t\t\t\t<span class=\"elementor-post-date\">\n\t\t\t6 de febrero de 2026\t\t<\/span>\n\t\t\t\t<\/div>\n\t\t\t\t\t<\/div>\n\t\t<\/article>\n\t\t\t\t<\/div>\n\t\t\n\t\t\t\t\t\t<\/div>\n\t\t\t\t<\/div>\n\t\t\t\t\t<\/div>\n\t\t<\/div>\n\t\t\t\t\t<\/div>\n\t\t<\/section>\n\t\t\t\t<section class=\"elementor-section elementor-top-section elementor-element elementor-element-ad45719 elementor-section-boxed elementor-section-height-default elementor-section-height-default\" data-id=\"ad45719\" data-element_type=\"section\" data-e-type=\"section\">\n\t\t\t\t\t\t<div class=\"elementor-container elementor-column-gap-default\">\n\t\t\t\t\t<div class=\"elementor-column elementor-col-100 elementor-top-column elementor-element elementor-element-94aa3e1\" data-id=\"94aa3e1\" data-element_type=\"column\" data-e-type=\"column\">\n\t\t\t<div class=\"elementor-widget-wrap elementor-element-populated\">\n\t\t\t\t\t\t<section class=\"elementor-section elementor-inner-section elementor-element elementor-element-19b8d15 elementor-section-boxed elementor-section-height-default elementor-section-height-default\" data-id=\"19b8d15\" data-element_type=\"section\" data-e-type=\"section\">\n\t\t\t\t\t\t<div class=\"elementor-container elementor-column-gap-default\">\n\t\t\t\t\t<div class=\"elementor-column elementor-col-50 elementor-inner-column elementor-element elementor-element-686cf2a\" data-id=\"686cf2a\" data-element_type=\"column\" data-e-type=\"column\">\n\t\t\t<div class=\"elementor-widget-wrap\">\n\t\t\t\t\t\t\t<\/div>\n\t\t<\/div>\n\t\t\t\t<div class=\"elementor-column elementor-col-50 elementor-inner-column elementor-element elementor-element-3be8094\" data-id=\"3be8094\" data-element_type=\"column\" data-e-type=\"column\">\n\t\t\t<div class=\"elementor-widget-wrap\">\n\t\t\t\t\t\t\t<\/div>\n\t\t<\/div>\n\t\t\t\t\t<\/div>\n\t\t<\/section>\n\t\t\t\t\t<\/div>\n\t\t<\/div>\n\t\t\t\t\t<\/div>\n\t\t<\/section>\n\t\t\t\t<section class=\"elementor-section elementor-top-section elementor-element elementor-element-baf2e76 elementor-section-boxed elementor-section-height-default elementor-section-height-default\" data-id=\"baf2e76\" data-element_type=\"section\" data-e-type=\"section\">\n\t\t\t\t\t\t<div class=\"elementor-container elementor-column-gap-default\">\n\t\t\t\t\t<div class=\"elementor-column elementor-col-100 elementor-top-column elementor-element elementor-element-63b77d0\" data-id=\"63b77d0\" data-element_type=\"column\" data-e-type=\"column\">\n\t\t\t<div class=\"elementor-widget-wrap elementor-element-populated\">\n\t\t\t\t\t\t<section class=\"elementor-section elementor-inner-section elementor-element elementor-element-316245f elementor-section-boxed elementor-section-height-default elementor-section-height-default\" data-id=\"316245f\" data-element_type=\"section\" data-e-type=\"section\">\n\t\t\t\t\t\t<div class=\"elementor-container elementor-column-gap-default\">\n\t\t\t\t\t<div class=\"elementor-column elementor-col-50 elementor-inner-column elementor-element elementor-element-46bf1bb\" data-id=\"46bf1bb\" data-element_type=\"column\" data-e-type=\"column\">\n\t\t\t<div class=\"elementor-widget-wrap\">\n\t\t\t\t\t\t\t<\/div>\n\t\t<\/div>\n\t\t\t\t<div class=\"elementor-column elementor-col-50 elementor-inner-column elementor-element elementor-element-65e904d\" data-id=\"65e904d\" data-element_type=\"column\" data-e-type=\"column\">\n\t\t\t<div class=\"elementor-widget-wrap\">\n\t\t\t\t\t\t\t<\/div>\n\t\t<\/div>\n\t\t\t\t\t<\/div>\n\t\t<\/section>\n\t\t\t\t\t<\/div>\n\t\t<\/div>\n\t\t\t\t\t<\/div>\n\t\t<\/section>\n\t\t\t\t<\/div>\n\t\t","protected":false},"excerpt":{"rendered":"<p>Agenda abr. 08 8 abril &#8211; 17 maigPremis ACPRI: Primera<\/p>\n","protected":false},"author":1,"featured_media":0,"parent":0,"menu_order":0,"comment_status":"closed","ping_status":"closed","template":"","meta":{"_acf_changed":false,"_bbp_topic_count":0,"_bbp_reply_count":0,"_bbp_total_topic_count":0,"_bbp_total_reply_count":0,"_bbp_voice_count":0,"_bbp_anonymous_reply_count":0,"_bbp_topic_count_hidden":0,"_bbp_reply_count_hidden":0,"_bbp_forum_subforum_count":0,"_coblocks_attr":"","_coblocks_dimensions":"","_coblocks_responsive_height":"","_coblocks_accordion_ie_support":"","_EventAllDay":false,"_EventTimezone":"","_EventStartDate":"","_EventEndDate":"","_EventStartDateUTC":"","_EventEndDateUTC":"","_EventShowMap":false,"_EventShowMapLink":false,"_EventURL":"","_EventCost":"","_EventCostDescription":"","_EventCurrencySymbol":"","_EventCurrencyCode":"","_EventCurrencyPosition":"","_EventDateTimeSeparator":"","_EventTimeRangeSeparator":"","_EventOrganizerID":[],"_EventVenueID":[],"_OrganizerEmail":"","_OrganizerPhone":"","_OrganizerWebsite":"","_VenueAddress":"","_VenueCity":"","_VenueCountry":"","_VenueProvince":"","_VenueState":"","_VenueZip":"","_VenuePhone":"","_VenueURL":"","_VenueStateProvince":"","_VenueLat":"","_VenueLng":"","_VenueShowMap":false,"_VenueShowMapLink":false,"footnotes":""},"class_list":["post-20117","page","type-page","status-publish","hentry"],"acf":[],"featured_image_urls_v2":{"full":"","thumbnail":"","medium":"","medium_large":"","large":"","1536x1536":"","2048x2048":""},"post_excerpt_stackable_v2":"<p>Agenda abr. 08 8 abril &#8211; 17 maigPremis ACPRI: Primera FaseFind out more abr. 25 16:30 &#8211; 18:00Ventanas Acad\u00e9micas: el protocol en contextos d\u2019alta complexitatFind out more maig 20 18:30 &#8211; 20:00Visita al Palau Muntaner \u2013 ACPRIFind out more maig 21 21 maig &#8211; 14 junyPremis ACPRI: Segona faseFind out more Clic aqu\u00ed \u00bfQu\u00e9 es ACPRI? Conoce nuestra actividad, nuestra visi\u00f3n, misi\u00f3n y valores, los estatutos, la junta directiva y mucho m\u00e1s. M\u00e1s informaci\u00f3n Objetivos ACPRI te ayuda em tu trabajo diario relacionado con el protocolo. conoce los objetivos de la asocaici\u00f3n M\u00e1s informaci\u00f3n \u00d3rganos de gobierno \u00bfC\u00f3mo funciona la&hellip;<\/p>\n","category_list_v2":"","author_info_v2":{"name":"Lifetime Ignasi Media","url":"https:\/\/acpri.cat\/es\/author\/lifetimemedia\/"},"comments_num_v2":"0 comentarios","yoast_head":"<!-- This site is optimized with the Yoast SEO plugin v27.4 - https:\/\/yoast.com\/product\/yoast-seo-wordpress\/ -->\n<title>ACPRI - Asociaci\u00f3n Catalana de Protocolo y Relaciones Institucionales<\/title>\n<meta name=\"description\" content=\"ACPRI es la asociaci\u00f3n que agrupa a los profesionales que se dedican a la organizaci\u00f3n de actos, protocolo, ceremonial y relaciones institucionales.\" \/>\n<meta name=\"robots\" content=\"index, follow, max-snippet:-1, max-image-preview:large, max-video-preview:-1\" \/>\n<link rel=\"canonical\" href=\"https:\/\/acpri.cat\/es\/\" \/>\n<meta property=\"og:locale\" content=\"es_ES\" \/>\n<meta property=\"og:type\" content=\"article\" \/>\n<meta property=\"og:title\" content=\"ACPRI - Asociaci\u00f3n Catalana de Protocolo y Relaciones Institucionales\" \/>\n<meta property=\"og:description\" content=\"ACPRI es la asociaci\u00f3n que agrupa a los profesionales que se dedican a la organizaci\u00f3n de actos, protocolo, ceremonial y relaciones institucionales.\" \/>\n<meta property=\"og:url\" content=\"https:\/\/acpri.cat\/es\/\" \/>\n<meta property=\"og:site_name\" content=\"ACPRI\" \/>\n<meta property=\"article:modified_time\" content=\"2026-04-24T09:17:19+00:00\" \/>\n<meta property=\"og:image\" content=\"https:\/\/acpri.cat\/wp-content\/uploads\/2026\/04\/dayketing-acpri-2026-71-1.jpg\" \/>\n<meta name=\"twitter:card\" content=\"summary_large_image\" \/>\n<meta name=\"twitter:label1\" content=\"Tiempo de lectura\" \/>\n\t<meta name=\"twitter:data1\" content=\"4 minutos\" \/>\n<script type=\"application\/ld+json\" class=\"yoast-schema-graph\">{\"@context\":\"https:\\\/\\\/schema.org\",\"@graph\":[{\"@type\":\"WebPage\",\"@id\":\"https:\\\/\\\/acpri.cat\\\/es\\\/\",\"url\":\"https:\\\/\\\/acpri.cat\\\/es\\\/\",\"name\":\"ACPRI - Asociaci\u00f3n Catalana de Protocolo y Relaciones Institucionales\",\"isPartOf\":{\"@id\":\"https:\\\/\\\/acpri.cat\\\/es\\\/#website\"},\"primaryImageOfPage\":{\"@id\":\"https:\\\/\\\/acpri.cat\\\/es\\\/#primaryimage\"},\"image\":{\"@id\":\"https:\\\/\\\/acpri.cat\\\/es\\\/#primaryimage\"},\"thumbnailUrl\":\"https:\\\/\\\/acpri.cat\\\/wp-content\\\/uploads\\\/2026\\\/04\\\/dayketing-acpri-2026-71-1.jpg\",\"datePublished\":\"2017-11-04T08:59:53+00:00\",\"dateModified\":\"2026-04-24T09:17:19+00:00\",\"description\":\"ACPRI es la asociaci\u00f3n que agrupa a los profesionales que se dedican a la organizaci\u00f3n de actos, protocolo, ceremonial y relaciones institucionales.\",\"breadcrumb\":{\"@id\":\"https:\\\/\\\/acpri.cat\\\/es\\\/#breadcrumb\"},\"inLanguage\":\"es\",\"potentialAction\":[{\"@type\":\"ReadAction\",\"target\":[\"https:\\\/\\\/acpri.cat\\\/es\\\/\"]}]},{\"@type\":\"ImageObject\",\"inLanguage\":\"es\",\"@id\":\"https:\\\/\\\/acpri.cat\\\/es\\\/#primaryimage\",\"url\":\"https:\\\/\\\/acpri.cat\\\/wp-content\\\/uploads\\\/2026\\\/04\\\/dayketing-acpri-2026-71-1.jpg\",\"contentUrl\":\"https:\\\/\\\/acpri.cat\\\/wp-content\\\/uploads\\\/2026\\\/04\\\/dayketing-acpri-2026-71-1.jpg\"},{\"@type\":\"BreadcrumbList\",\"@id\":\"https:\\\/\\\/acpri.cat\\\/es\\\/#breadcrumb\",\"itemListElement\":[{\"@type\":\"ListItem\",\"position\":1,\"name\":\"Inici\",\"item\":\"https:\\\/\\\/acpri.cat\\\/es\\\/\"},{\"@type\":\"ListItem\",\"position\":2,\"name\":\"ACPRI &#8211; Inicio\"}]},{\"@type\":\"WebSite\",\"@id\":\"https:\\\/\\\/acpri.cat\\\/es\\\/#website\",\"url\":\"https:\\\/\\\/acpri.cat\\\/es\\\/\",\"name\":\"ACPRI\",\"description\":\"Associaci\u00f3 Catalana de Protocol i Relacions Institucionals\",\"potentialAction\":[{\"@type\":\"SearchAction\",\"target\":{\"@type\":\"EntryPoint\",\"urlTemplate\":\"https:\\\/\\\/acpri.cat\\\/es\\\/?s={search_term_string}\"},\"query-input\":{\"@type\":\"PropertyValueSpecification\",\"valueRequired\":true,\"valueName\":\"search_term_string\"}}],\"inLanguage\":\"es\"}]}<\/script>\n<!-- \/ Yoast SEO plugin. -->","yoast_head_json":{"title":"ACPRI - Asociaci\u00f3n Catalana de Protocolo y Relaciones Institucionales","description":"ACPRI es la asociaci\u00f3n que agrupa a los profesionales que se dedican a la organizaci\u00f3n de actos, protocolo, ceremonial y relaciones institucionales.","robots":{"index":"index","follow":"follow","max-snippet":"max-snippet:-1","max-image-preview":"max-image-preview:large","max-video-preview":"max-video-preview:-1"},"canonical":"https:\/\/acpri.cat\/es\/","og_locale":"es_ES","og_type":"article","og_title":"ACPRI - Asociaci\u00f3n Catalana de Protocolo y Relaciones Institucionales","og_description":"ACPRI es la asociaci\u00f3n que agrupa a los profesionales que se dedican a la organizaci\u00f3n de actos, protocolo, ceremonial y relaciones institucionales.","og_url":"https:\/\/acpri.cat\/es\/","og_site_name":"ACPRI","article_modified_time":"2026-04-24T09:17:19+00:00","og_image":[{"url":"https:\/\/acpri.cat\/wp-content\/uploads\/2026\/04\/dayketing-acpri-2026-71-1.jpg","type":"","width":"","height":""}],"twitter_card":"summary_large_image","twitter_misc":{"Tiempo de lectura":"4 minutos"},"schema":{"@context":"https:\/\/schema.org","@graph":[{"@type":"WebPage","@id":"https:\/\/acpri.cat\/es\/","url":"https:\/\/acpri.cat\/es\/","name":"ACPRI - Asociaci\u00f3n Catalana de Protocolo y Relaciones Institucionales","isPartOf":{"@id":"https:\/\/acpri.cat\/es\/#website"},"primaryImageOfPage":{"@id":"https:\/\/acpri.cat\/es\/#primaryimage"},"image":{"@id":"https:\/\/acpri.cat\/es\/#primaryimage"},"thumbnailUrl":"https:\/\/acpri.cat\/wp-content\/uploads\/2026\/04\/dayketing-acpri-2026-71-1.jpg","datePublished":"2017-11-04T08:59:53+00:00","dateModified":"2026-04-24T09:17:19+00:00","description":"ACPRI es la asociaci\u00f3n que agrupa a los profesionales que se dedican a la organizaci\u00f3n de actos, protocolo, ceremonial y relaciones institucionales.","breadcrumb":{"@id":"https:\/\/acpri.cat\/es\/#breadcrumb"},"inLanguage":"es","potentialAction":[{"@type":"ReadAction","target":["https:\/\/acpri.cat\/es\/"]}]},{"@type":"ImageObject","inLanguage":"es","@id":"https:\/\/acpri.cat\/es\/#primaryimage","url":"https:\/\/acpri.cat\/wp-content\/uploads\/2026\/04\/dayketing-acpri-2026-71-1.jpg","contentUrl":"https:\/\/acpri.cat\/wp-content\/uploads\/2026\/04\/dayketing-acpri-2026-71-1.jpg"},{"@type":"BreadcrumbList","@id":"https:\/\/acpri.cat\/es\/#breadcrumb","itemListElement":[{"@type":"ListItem","position":1,"name":"Inici","item":"https:\/\/acpri.cat\/es\/"},{"@type":"ListItem","position":2,"name":"ACPRI &#8211; Inicio"}]},{"@type":"WebSite","@id":"https:\/\/acpri.cat\/es\/#website","url":"https:\/\/acpri.cat\/es\/","name":"ACPRI","description":"Associaci\u00f3 Catalana de Protocol i Relacions Institucionals","potentialAction":[{"@type":"SearchAction","target":{"@type":"EntryPoint","urlTemplate":"https:\/\/acpri.cat\/es\/?s={search_term_string}"},"query-input":{"@type":"PropertyValueSpecification","valueRequired":true,"valueName":"search_term_string"}}],"inLanguage":"es"}]}},"_links":{"self":[{"href":"https:\/\/acpri.cat\/es\/wp-json\/wp\/v2\/pages\/20117","targetHints":{"allow":["GET"]}}],"collection":[{"href":"https:\/\/acpri.cat\/es\/wp-json\/wp\/v2\/pages"}],"about":[{"href":"https:\/\/acpri.cat\/es\/wp-json\/wp\/v2\/types\/page"}],"author":[{"embeddable":true,"href":"https:\/\/acpri.cat\/es\/wp-json\/wp\/v2\/users\/1"}],"replies":[{"embeddable":true,"href":"https:\/\/acpri.cat\/es\/wp-json\/wp\/v2\/comments?post=20117"}],"version-history":[{"count":5,"href":"https:\/\/acpri.cat\/es\/wp-json\/wp\/v2\/pages\/20117\/revisions"}],"predecessor-version":[{"id":28992,"href":"https:\/\/acpri.cat\/es\/wp-json\/wp\/v2\/pages\/20117\/revisions\/28992"}],"wp:attachment":[{"href":"https:\/\/acpri.cat\/es\/wp-json\/wp\/v2\/media?parent=20117"}],"curies":[{"name":"wp","href":"https:\/\/api.w.org\/{rel}","templated":true}]}}